{"id":2819,"date":"2022-10-05T22:10:08","date_gmt":"2022-10-06T03:10:08","guid":{"rendered":"https:\/\/worldjusticeproject.mx\/?page_id=2819"},"modified":"2022-10-11T13:00:03","modified_gmt":"2022-10-11T18:00:03","slug":"investigacion","status":"publish","type":"page","link":"https:\/\/worldjusticeproject.mx\/en\/investigacion\/","title":{"rendered":"Investigaci\u00f3n"},"content":{"rendered":"<div data-elementor-type=\"wp-page\" data-elementor-id=\"2819\" class=\"elementor elementor-2819\" data-elementor-post-type=\"page\">\n\t\t\t\t\t\t<section class=\"elementor-section elementor-top-section elementor-element elementor-element-73a32ca elementor-section-boxed elementor-section-height-default elementor-section-height-default\" data-id=\"73a32ca\" data-element_type=\"section\">\n\t\t\t\t\t\t<div class=\"elementor-container elementor-column-gap-default\">\n\t\t\t\t\t<div class=\"elementor-column elementor-col-100 elementor-top-column elementor-element elementor-element-982068c\" data-id=\"982068c\" data-element_type=\"column\">\n\t\t\t<div class=\"elementor-widget-wrap elementor-element-populated\">\n\t\t\t\t\t\t<div class=\"elementor-element elementor-element-e13e39a elementor-widget elementor-widget-heading\" data-id=\"e13e39a\" data-element_type=\"widget\" data-widget_type=\"heading.default\">\n\t\t\t\t<div class=\"elementor-widget-container\">\n\t\t\t\t\t<h2 class=\"elementor-heading-title elementor-size-default\">Investigaci\u00f3n<\/h2>\t\t\t\t<\/div>\n\t\t\t\t<\/div>\n\t\t\t\t\t<\/div>\n\t\t<\/div>\n\t\t\t\t\t<\/div>\n\t\t<\/section>\n\t\t\t\t<section class=\"elementor-section elementor-top-section elementor-element elementor-element-386b80b elementor-section-boxed elementor-section-height-default elementor-section-height-default\" data-id=\"386b80b\" data-element_type=\"section\">\n\t\t\t\t\t\t<div class=\"elementor-container elementor-column-gap-default\">\n\t\t\t\t\t<div class=\"elementor-column elementor-col-100 elementor-top-column elementor-element elementor-element-d322d27\" data-id=\"d322d27\" data-element_type=\"column\">\n\t\t\t<div class=\"elementor-widget-wrap elementor-element-populated\">\n\t\t\t\t\t\t<div class=\"elementor-element elementor-element-b49eb0e elementor-widget-divider--view-line elementor-widget elementor-widget-divider\" data-id=\"b49eb0e\" data-element_type=\"widget\" data-widget_type=\"divider.default\">\n\t\t\t\t<div class=\"elementor-widget-container\">\n\t\t\t\t\t\t\t<div class=\"elementor-divider\">\n\t\t\t<span class=\"elementor-divider-separator\">\n\t\t\t\t\t\t<\/span>\n\t\t<\/div>\n\t\t\t\t\t\t<\/div>\n\t\t\t\t<\/div>\n\t\t\t\t\t<\/div>\n\t\t<\/div>\n\t\t\t\t\t<\/div>\n\t\t<\/section>\n\t\t\t\t<section class=\"elementor-section elementor-top-section elementor-element elementor-element-db35236 elementor-section-boxed elementor-section-height-default elementor-section-height-default\" data-id=\"db35236\" data-element_type=\"section\">\n\t\t\t\t\t\t<div class=\"elementor-container elementor-column-gap-default\">\n\t\t\t\t\t<div class=\"elementor-column elementor-col-100 elementor-top-column elementor-element elementor-element-5109c1c\" data-id=\"5109c1c\" data-element_type=\"column\">\n\t\t\t<div class=\"elementor-widget-wrap elementor-element-populated\">\n\t\t\t\t\t\t<div class=\"elementor-element elementor-element-272816a elementor-nav-menu__align-center elementor-nav-menu--dropdown-tablet elementor-nav-menu__text-align-aside elementor-nav-menu--toggle elementor-nav-menu--burger elementor-widget elementor-widget-nav-menu\" data-id=\"272816a\" data-element_type=\"widget\" data-settings=\"{&quot;layout&quot;:&quot;horizontal&quot;,&quot;submenu_icon&quot;:{&quot;value&quot;:&quot;&lt;i class=\\&quot;fas fa-caret-down\\&quot;&gt;&lt;\\\/i&gt;&quot;,&quot;library&quot;:&quot;fa-solid&quot;},&quot;toggle&quot;:&quot;burger&quot;}\" data-widget_type=\"nav-menu.default\">\n\t\t\t\t<div class=\"elementor-widget-container\">\n\t\t\t\t\t\t\t\t<nav aria-label=\"Menu\" class=\"elementor-nav-menu--main elementor-nav-menu__container elementor-nav-menu--layout-horizontal e--pointer-framed e--animation-grow\">\n\t\t\t\t<ul id=\"menu-1-272816a\" class=\"elementor-nav-menu\"><li class=\"menu-item menu-item-type-post_type menu-item-object-page menu-item-2990\"><a href=\"https:\/\/worldjusticeproject.mx\/en\/investigacion\/\" class=\"elementor-item\">Todo<\/a><\/li>\n<li class=\"menu-item menu-item-type-taxonomy menu-item-object-category menu-item-2907\"><a href=\"https:\/\/worldjusticeproject.mx\/en\/category\/investigacion\/estado-de-derecho\/\" class=\"elementor-item\">Estado de Derecho<\/a><\/li>\n<li class=\"menu-item menu-item-type-taxonomy menu-item-object-category menu-item-3857\"><a href=\"https:\/\/worldjusticeproject.mx\/en\/category\/investigacion\/justicia-abierta\/\" class=\"elementor-item\">Justicia Abierta<\/a><\/li>\n<li class=\"menu-item menu-item-type-taxonomy menu-item-object-category menu-item-2908\"><a href=\"https:\/\/worldjusticeproject.mx\/en\/category\/investigacion\/justicia-alternativa\/\" class=\"elementor-item\">Justicia Alternativa<\/a><\/li>\n<li class=\"menu-item menu-item-type-taxonomy menu-item-object-category menu-item-2909\"><a href=\"https:\/\/worldjusticeproject.mx\/en\/category\/investigacion\/justicia-penal\/\" class=\"elementor-item\">Justicia Penal<\/a><\/li>\n<li class=\"menu-item menu-item-type-taxonomy menu-item-object-category menu-item-3230\"><a href=\"https:\/\/worldjusticeproject.mx\/en\/category\/investigacion\/reforma-policial\/\" class=\"elementor-item\">Polic\u00eda<\/a><\/li>\n<\/ul>\t\t\t<\/nav>\n\t\t\t\t\t<div class=\"elementor-menu-toggle\" role=\"button\" tabindex=\"0\" aria-label=\"Menu Toggle\" aria-expanded=\"false\">\n\t\t\t<i aria-hidden=\"true\" role=\"presentation\" class=\"elementor-menu-toggle__icon--open eicon-menu-bar\"><\/i><i aria-hidden=\"true\" role=\"presentation\" class=\"elementor-menu-toggle__icon--close eicon-close\"><\/i>\t\t<\/div>\n\t\t\t\t\t<nav class=\"elementor-nav-menu--dropdown elementor-nav-menu__container\" aria-hidden=\"true\">\n\t\t\t\t<ul id=\"menu-2-272816a\" class=\"elementor-nav-menu\"><li class=\"menu-item menu-item-type-post_type menu-item-object-page menu-item-2990\"><a href=\"https:\/\/worldjusticeproject.mx\/en\/investigacion\/\" class=\"elementor-item\" tabindex=\"-1\">Todo<\/a><\/li>\n<li class=\"menu-item menu-item-type-taxonomy menu-item-object-category menu-item-2907\"><a href=\"https:\/\/worldjusticeproject.mx\/en\/category\/investigacion\/estado-de-derecho\/\" class=\"elementor-item\" tabindex=\"-1\">Estado de Derecho<\/a><\/li>\n<li class=\"menu-item menu-item-type-taxonomy menu-item-object-category menu-item-3857\"><a href=\"https:\/\/worldjusticeproject.mx\/en\/category\/investigacion\/justicia-abierta\/\" class=\"elementor-item\" tabindex=\"-1\">Justicia Abierta<\/a><\/li>\n<li class=\"menu-item menu-item-type-taxonomy menu-item-object-category menu-item-2908\"><a href=\"https:\/\/worldjusticeproject.mx\/en\/category\/investigacion\/justicia-alternativa\/\" class=\"elementor-item\" tabindex=\"-1\">Justicia Alternativa<\/a><\/li>\n<li class=\"menu-item menu-item-type-taxonomy menu-item-object-category menu-item-2909\"><a href=\"https:\/\/worldjusticeproject.mx\/en\/category\/investigacion\/justicia-penal\/\" class=\"elementor-item\" tabindex=\"-1\">Justicia Penal<\/a><\/li>\n<li class=\"menu-item menu-item-type-taxonomy menu-item-object-category menu-item-3230\"><a href=\"https:\/\/worldjusticeproject.mx\/en\/category\/investigacion\/reforma-policial\/\" class=\"elementor-item\" tabindex=\"-1\">Polic\u00eda<\/a><\/li>\n<\/ul>\t\t\t<\/nav>\n\t\t\t\t\t\t<\/div>\n\t\t\t\t<\/div>\n\t\t\t\t<div class=\"elementor-element elementor-element-1f4e3f5 elementor-grid-4 elementor-grid-tablet-2 elementor-grid-mobile-1 elementor-posts--thumbnail-top elementor-card-shadow-yes elementor-posts__hover-gradient elementor-widget elementor-widget-posts\" data-id=\"1f4e3f5\" data-element_type=\"widget\" data-settings=\"{&quot;cards_columns&quot;:&quot;4&quot;,&quot;cards_columns_tablet&quot;:&quot;2&quot;,&quot;cards_columns_mobile&quot;:&quot;1&quot;,&quot;cards_row_gap&quot;:{&quot;unit&quot;:&quot;px&quot;,&quot;size&quot;:35,&quot;sizes&quot;:[]},&quot;cards_row_gap_tablet&quot;:{&quot;unit&quot;:&quot;px&quot;,&quot;size&quot;:&quot;&quot;,&quot;sizes&quot;:[]},&quot;cards_row_gap_mobile&quot;:{&quot;unit&quot;:&quot;px&quot;,&quot;size&quot;:&quot;&quot;,&quot;sizes&quot;:[]}}\" data-widget_type=\"posts.cards\">\n\t\t\t\t<div class=\"elementor-widget-container\">\n\t\t\t\t\t\t\t<div class=\"elementor-posts-container elementor-posts elementor-posts--skin-cards elementor-grid\">\n\t\t\t\t<article class=\"elementor-post elementor-grid-item post-5788 post type-post status-publish format-standard has-post-thumbnail hentry category-investigacion category-justicia-penal category-noticias tag-jure tag-rendicion-de-cuentas tag-tortura\">\n\t\t\t<div class=\"elementor-post__card\">\n\t\t\t\t<a class=\"elementor-post__thumbnail__link\" href=\"https:\/\/worldjusticeproject.mx\/en\/mecanismo-interlocucion-qroo-2026\/\" tabindex=\"-1\" ><div class=\"elementor-post__thumbnail\"><img fetchpriority=\"high\" decoding=\"async\" width=\"470\" height=\"323\" src=\"https:\/\/worldjusticeproject.mx\/wp-content\/uploads\/2025\/12\/destacada_009-768x527-1-470x323.jpg\" class=\"attachment-medium size-medium wp-image-5801\" alt=\"\" srcset=\"https:\/\/worldjusticeproject.mx\/wp-content\/uploads\/2025\/12\/destacada_009-768x527-1-470x323.jpg 470w, https:\/\/worldjusticeproject.mx\/wp-content\/uploads\/2025\/12\/destacada_009-768x527-1-170x117.jpg 170w, https:\/\/worldjusticeproject.mx\/wp-content\/uploads\/2025\/12\/destacada_009-768x527-1-18x12.jpg 18w, https:\/\/worldjusticeproject.mx\/wp-content\/uploads\/2025\/12\/destacada_009-768x527-1.jpg 768w\" sizes=\"(max-width: 470px) 100vw, 470px\" \/><\/div><\/a>\n\t\t\t\t<div class=\"elementor-post__badge\">JURE<\/div>\n\t\t\t\t<div class=\"elementor-post__text\">\n\t\t\t\t<h3 class=\"elementor-post__title\">\n\t\t\t<a href=\"https:\/\/worldjusticeproject.mx\/en\/mecanismo-interlocucion-qroo-2026\/\" >\n\t\t\t\tInstalamos el Mecanismo de Interlocuci\u00f3n entre la Fiscal\u00eda General del Estado de Quintana Roo y el Consejo Ciudadano de Seguimiento\t\t\t<\/a>\n\t\t<\/h3>\n\t\t\t\t<div class=\"elementor-post__excerpt\">\n\t\t\t<p>En el marco del proyecto \u201cReducir las detenciones arbitrarias, tortura y ejecuciones extrajudiciales en M\u00e9xico\u201dse instal\u00f3 en Canc\u00fan, Quintana Roo, el Mecanismo de Interlocuci\u00f3n entre<\/p>\n\t\t<\/div>\n\t\t\n\t\t<a class=\"elementor-post__read-more\" href=\"https:\/\/worldjusticeproject.mx\/en\/mecanismo-interlocucion-qroo-2026\/\" aria-label=\"Read more about Instalamos el Mecanismo de Interlocuci\u00f3n entre la Fiscal\u00eda General del Estado de Quintana Roo y el Consejo Ciudadano de Seguimiento\" tabindex=\"-1\" >\n\t\t\tLeer m\u00e1s \u00bb\t\t<\/a>\n\n\t\t\t\t<\/div>\n\t\t\t\t<div class=\"elementor-post__meta-data\">\n\t\t\t\t\t<span class=\"elementor-post-date\">\n\t\t\tApril 23, 2026\t\t<\/span>\n\t\t\t\t<\/div>\n\t\t\t\t\t<\/div>\n\t\t<\/article>\n\t\t\t\t<article class=\"elementor-post elementor-grid-item post-5725 post type-post status-publish format-standard has-post-thumbnail hentry category-investigacion category-justicia-penal tag-reporte\">\n\t\t\t<div class=\"elementor-post__card\">\n\t\t\t\t<a class=\"elementor-post__thumbnail__link\" href=\"https:\/\/worldjusticeproject.mx\/en\/almanaque-2024\/\" tabindex=\"-1\" ><div class=\"elementor-post__thumbnail\"><img decoding=\"async\" width=\"470\" height=\"271\" src=\"https:\/\/worldjusticeproject.mx\/wp-content\/uploads\/2025\/09\/ALMANAQUE-2025-WEB-470x271.jpg\" class=\"attachment-medium size-medium wp-image-5746\" alt=\"\" srcset=\"https:\/\/worldjusticeproject.mx\/wp-content\/uploads\/2025\/09\/ALMANAQUE-2025-WEB-470x271.jpg 470w, https:\/\/worldjusticeproject.mx\/wp-content\/uploads\/2025\/09\/ALMANAQUE-2025-WEB-970x559.jpg 970w, https:\/\/worldjusticeproject.mx\/wp-content\/uploads\/2025\/09\/ALMANAQUE-2025-WEB-170x98.jpg 170w, https:\/\/worldjusticeproject.mx\/wp-content\/uploads\/2025\/09\/ALMANAQUE-2025-WEB-768x443.jpg 768w, https:\/\/worldjusticeproject.mx\/wp-content\/uploads\/2025\/09\/ALMANAQUE-2025-WEB-1536x885.jpg 1536w, https:\/\/worldjusticeproject.mx\/wp-content\/uploads\/2025\/09\/ALMANAQUE-2025-WEB-18x10.jpg 18w, https:\/\/worldjusticeproject.mx\/wp-content\/uploads\/2025\/09\/ALMANAQUE-2025-WEB.jpg 1794w\" sizes=\"(max-width: 470px) 100vw, 470px\" \/><\/div><\/a>\n\t\t\t\t<div class=\"elementor-post__badge\">Reporte<\/div>\n\t\t\t\t<div class=\"elementor-post__text\">\n\t\t\t\t<h3 class=\"elementor-post__title\">\n\t\t\t<a href=\"https:\/\/worldjusticeproject.mx\/en\/almanaque-2024\/\" >\n\t\t\t\tAlmanaque 2024: Balance de la Justicia Penal en M\u00e9xico\t\t\t<\/a>\n\t\t<\/h3>\n\t\t\t\t<div class=\"elementor-post__excerpt\">\n\t\t\t<p>Descarga Reporte Descarga Gu\u00eda de Hallazgos El \u00abAlmanaque 2024: Balance de la Justicia Penal en M\u00e9xico\u00bb ofrece un an\u00e1lisis exhaustivo y \u00fanico del sistema de<\/p>\n\t\t<\/div>\n\t\t\n\t\t<a class=\"elementor-post__read-more\" href=\"https:\/\/worldjusticeproject.mx\/en\/almanaque-2024\/\" aria-label=\"Read more about Almanaque 2024: Balance de la Justicia Penal en M\u00e9xico\" tabindex=\"-1\" >\n\t\t\tLeer m\u00e1s \u00bb\t\t<\/a>\n\n\t\t\t\t<\/div>\n\t\t\t\t<div class=\"elementor-post__meta-data\">\n\t\t\t\t\t<span class=\"elementor-post-date\">\n\t\t\tSeptember 4, 2025\t\t<\/span>\n\t\t\t\t<\/div>\n\t\t\t\t\t<\/div>\n\t\t<\/article>\n\t\t\t\t<article class=\"elementor-post elementor-grid-item post-5596 post type-post status-publish format-standard has-post-thumbnail hentry category-justicia-alternativa tag-justicia-comunitaria tag-medio-ambiente tag-tala-ilegal\">\n\t\t\t<div class=\"elementor-post__card\">\n\t\t\t\t<a class=\"elementor-post__thumbnail__link\" href=\"https:\/\/worldjusticeproject.mx\/en\/conflicto-socioambiental-en-san-juan-atzingo-estrategias-comunitarias-frente-a-la-tala-ilegal\/\" tabindex=\"-1\" ><div class=\"elementor-post__thumbnail\"><img decoding=\"async\" width=\"470\" height=\"264\" src=\"https:\/\/worldjusticeproject.mx\/wp-content\/uploads\/2025\/02\/WJP-2024-4-1-470x264.jpg\" class=\"attachment-medium size-medium wp-image-5597\" alt=\"\" srcset=\"https:\/\/worldjusticeproject.mx\/wp-content\/uploads\/2025\/02\/WJP-2024-4-1-470x264.jpg 470w, https:\/\/worldjusticeproject.mx\/wp-content\/uploads\/2025\/02\/WJP-2024-4-1-970x546.jpg 970w, https:\/\/worldjusticeproject.mx\/wp-content\/uploads\/2025\/02\/WJP-2024-4-1-170x96.jpg 170w, https:\/\/worldjusticeproject.mx\/wp-content\/uploads\/2025\/02\/WJP-2024-4-1-768x432.jpg 768w, https:\/\/worldjusticeproject.mx\/wp-content\/uploads\/2025\/02\/WJP-2024-4-1-1536x864.jpg 1536w, https:\/\/worldjusticeproject.mx\/wp-content\/uploads\/2025\/02\/WJP-2024-4-1-18x10.jpg 18w, https:\/\/worldjusticeproject.mx\/wp-content\/uploads\/2025\/02\/WJP-2024-4-1-e1739905233697.jpg 1500w\" sizes=\"(max-width: 470px) 100vw, 470px\" \/><\/div><\/a>\n\t\t\t\t<div class=\"elementor-post__badge\">Justicia comunitaria<\/div>\n\t\t\t\t<div class=\"elementor-post__text\">\n\t\t\t\t<h3 class=\"elementor-post__title\">\n\t\t\t<a href=\"https:\/\/worldjusticeproject.mx\/en\/conflicto-socioambiental-en-san-juan-atzingo-estrategias-comunitarias-frente-a-la-tala-ilegal\/\" >\n\t\t\t\tConflicto socioambiental en San Juan Atzingo: estrategias comunitarias frente a la tala ilegal\t\t\t<\/a>\n\t\t<\/h3>\n\t\t\t\t<div class=\"elementor-post__excerpt\">\n\t\t\t<p>Consulta el reporte aqu\u00ed Alfredo G. es habitante de la localidad de Santa Luc\u00eda, es campesino y comerciante. En 2024 particip\u00f3 junto con gente de<\/p>\n\t\t<\/div>\n\t\t\n\t\t<a class=\"elementor-post__read-more\" href=\"https:\/\/worldjusticeproject.mx\/en\/conflicto-socioambiental-en-san-juan-atzingo-estrategias-comunitarias-frente-a-la-tala-ilegal\/\" aria-label=\"Read more about Conflicto socioambiental en San Juan Atzingo: estrategias comunitarias frente a la tala ilegal\" tabindex=\"-1\" >\n\t\t\tLeer m\u00e1s \u00bb\t\t<\/a>\n\n\t\t\t\t<\/div>\n\t\t\t\t<div class=\"elementor-post__meta-data\">\n\t\t\t\t\t<span class=\"elementor-post-date\">\n\t\t\tFebruary 18, 2025\t\t<\/span>\n\t\t\t\t<\/div>\n\t\t\t\t\t<\/div>\n\t\t<\/article>\n\t\t\t\t<article class=\"elementor-post elementor-grid-item post-5593 post type-post status-publish format-standard has-post-thumbnail hentry category-justicia-alternativa tag-fondo-canada tag-justicia-comunitaria\">\n\t\t\t<div class=\"elementor-post__card\">\n\t\t\t\t<a class=\"elementor-post__thumbnail__link\" href=\"https:\/\/worldjusticeproject.mx\/en\/justicia-alternativa-en-comunidades-indigenas-y-estrategias-frente-a-la-tala-ilegal\/\" tabindex=\"-1\" ><div class=\"elementor-post__thumbnail\"><img loading=\"lazy\" decoding=\"async\" width=\"470\" height=\"316\" src=\"https:\/\/worldjusticeproject.mx\/wp-content\/uploads\/2025\/02\/WJP-2024-7-470x316.jpg\" class=\"attachment-medium size-medium wp-image-5594\" alt=\"\" srcset=\"https:\/\/worldjusticeproject.mx\/wp-content\/uploads\/2025\/02\/WJP-2024-7-470x316.jpg 470w, https:\/\/worldjusticeproject.mx\/wp-content\/uploads\/2025\/02\/WJP-2024-7-970x653.jpg 970w, https:\/\/worldjusticeproject.mx\/wp-content\/uploads\/2025\/02\/WJP-2024-7-170x114.jpg 170w, https:\/\/worldjusticeproject.mx\/wp-content\/uploads\/2025\/02\/WJP-2024-7-768x517.jpg 768w, https:\/\/worldjusticeproject.mx\/wp-content\/uploads\/2025\/02\/WJP-2024-7-1536x1034.jpg 1536w, https:\/\/worldjusticeproject.mx\/wp-content\/uploads\/2025\/02\/WJP-2024-7-18x12.jpg 18w, https:\/\/worldjusticeproject.mx\/wp-content\/uploads\/2025\/02\/WJP-2024-7-e1739817124573.jpg 1500w\" sizes=\"(max-width: 470px) 100vw, 470px\" \/><\/div><\/a>\n\t\t\t\t<div class=\"elementor-post__badge\">Fondo Canad\u00e1<\/div>\n\t\t\t\t<div class=\"elementor-post__text\">\n\t\t\t\t<h3 class=\"elementor-post__title\">\n\t\t\t<a href=\"https:\/\/worldjusticeproject.mx\/en\/justicia-alternativa-en-comunidades-indigenas-y-estrategias-frente-a-la-tala-ilegal\/\" >\n\t\t\t\tJusticia alternativa en comunidades ind\u00edgenas y estrategias frente a la tala ilegal\t\t\t<\/a>\n\t\t<\/h3>\n\t\t\t\t<div class=\"elementor-post__excerpt\">\n\t\t\t<p>Desde septiembre de 2023 hasta febrero de 2025, WJP implementa un proyecto enfocado en fortalecer el acceso a la justicia para comunidades ind\u00edgenas en el<\/p>\n\t\t<\/div>\n\t\t\n\t\t<a class=\"elementor-post__read-more\" href=\"https:\/\/worldjusticeproject.mx\/en\/justicia-alternativa-en-comunidades-indigenas-y-estrategias-frente-a-la-tala-ilegal\/\" aria-label=\"Read more about Justicia alternativa en comunidades ind\u00edgenas y estrategias frente a la tala ilegal\" tabindex=\"-1\" >\n\t\t\tLeer m\u00e1s \u00bb\t\t<\/a>\n\n\t\t\t\t<\/div>\n\t\t\t\t<div class=\"elementor-post__meta-data\">\n\t\t\t\t\t<span class=\"elementor-post-date\">\n\t\t\tFebruary 17, 2025\t\t<\/span>\n\t\t\t\t<\/div>\n\t\t\t\t\t<\/div>\n\t\t<\/article>\n\t\t\t\t<article class=\"elementor-post elementor-grid-item post-5505 post type-post status-publish format-standard has-post-thumbnail hentry category-justicia-alternativa\">\n\t\t\t<div class=\"elementor-post__card\">\n\t\t\t\t<a class=\"elementor-post__thumbnail__link\" href=\"https:\/\/worldjusticeproject.mx\/en\/segundo-encuentro-de-justicia-alternativa\/\" tabindex=\"-1\" ><div class=\"elementor-post__thumbnail\"><img loading=\"lazy\" decoding=\"async\" width=\"470\" height=\"276\" src=\"https:\/\/worldjusticeproject.mx\/wp-content\/uploads\/2024\/11\/468660822_543006815292378_6232329940132900544_n-470x276.jpg\" class=\"attachment-medium size-medium wp-image-5576\" alt=\"\" srcset=\"https:\/\/worldjusticeproject.mx\/wp-content\/uploads\/2024\/11\/468660822_543006815292378_6232329940132900544_n-470x276.jpg 470w, https:\/\/worldjusticeproject.mx\/wp-content\/uploads\/2024\/11\/468660822_543006815292378_6232329940132900544_n-970x569.jpg 970w, https:\/\/worldjusticeproject.mx\/wp-content\/uploads\/2024\/11\/468660822_543006815292378_6232329940132900544_n-170x100.jpg 170w, https:\/\/worldjusticeproject.mx\/wp-content\/uploads\/2024\/11\/468660822_543006815292378_6232329940132900544_n-768x451.jpg 768w, https:\/\/worldjusticeproject.mx\/wp-content\/uploads\/2024\/11\/468660822_543006815292378_6232329940132900544_n-1536x902.jpg 1536w, https:\/\/worldjusticeproject.mx\/wp-content\/uploads\/2024\/11\/468660822_543006815292378_6232329940132900544_n-18x12.jpg 18w, https:\/\/worldjusticeproject.mx\/wp-content\/uploads\/2024\/11\/468660822_543006815292378_6232329940132900544_n-e1737500166733.jpg 1200w\" sizes=\"(max-width: 470px) 100vw, 470px\" \/><\/div><\/a>\n\t\t\t\t<div class=\"elementor-post__text\">\n\t\t\t\t<h3 class=\"elementor-post__title\">\n\t\t\t<a href=\"https:\/\/worldjusticeproject.mx\/en\/segundo-encuentro-de-justicia-alternativa\/\" >\n\t\t\t\tSegundo Encuentro de Justicia Alternativa\t\t\t<\/a>\n\t\t<\/h3>\n\t\t\t\t<div class=\"elementor-post__excerpt\">\n\t\t\t<p>El pasado 2 de diciembre de 2024 se realiz\u00f3 el 2\u00ba Encuentro de Justicia Alternativa, un espacio de intercambio acerca de la justicia alternativa, comunitaria<\/p>\n\t\t<\/div>\n\t\t\n\t\t<a class=\"elementor-post__read-more\" href=\"https:\/\/worldjusticeproject.mx\/en\/segundo-encuentro-de-justicia-alternativa\/\" aria-label=\"Read more about Segundo Encuentro de Justicia Alternativa\" tabindex=\"-1\" >\n\t\t\tLeer m\u00e1s \u00bb\t\t<\/a>\n\n\t\t\t\t<\/div>\n\t\t\t\t<div class=\"elementor-post__meta-data\">\n\t\t\t\t\t<span class=\"elementor-post-date\">\n\t\t\tNovember 29, 2024\t\t<\/span>\n\t\t\t\t<\/div>\n\t\t\t\t\t<\/div>\n\t\t<\/article>\n\t\t\t\t<article class=\"elementor-post elementor-grid-item post-3483 post type-post status-publish format-standard has-post-thumbnail hentry category-estado-de-derecho category-investigacion tag-indice-de-estado-de-derecho-en-mexico\">\n\t\t\t<div class=\"elementor-post__card\">\n\t\t\t\t<a class=\"elementor-post__thumbnail__link\" href=\"https:\/\/worldjusticeproject.mx\/en\/indice-de-estado-de-derecho-en-mexico\/\" tabindex=\"-1\" ><div class=\"elementor-post__thumbnail\"><img loading=\"lazy\" decoding=\"async\" width=\"470\" height=\"185\" src=\"https:\/\/worldjusticeproject.mx\/wp-content\/uploads\/2023\/01\/iedmx-2023-2024-470x185.png\" class=\"attachment-medium size-medium wp-image-4972\" alt=\"\" srcset=\"https:\/\/worldjusticeproject.mx\/wp-content\/uploads\/2023\/01\/iedmx-2023-2024-470x185.png 470w, https:\/\/worldjusticeproject.mx\/wp-content\/uploads\/2023\/01\/iedmx-2023-2024-970x382.png 970w, https:\/\/worldjusticeproject.mx\/wp-content\/uploads\/2023\/01\/iedmx-2023-2024-170x67.png 170w, https:\/\/worldjusticeproject.mx\/wp-content\/uploads\/2023\/01\/iedmx-2023-2024-768x302.png 768w, https:\/\/worldjusticeproject.mx\/wp-content\/uploads\/2023\/01\/iedmx-2023-2024.png 1144w\" sizes=\"(max-width: 470px) 100vw, 470px\" \/><\/div><\/a>\n\t\t\t\t<div class=\"elementor-post__badge\">indice de estado de derecho en Mexico<\/div>\n\t\t\t\t<div class=\"elementor-post__text\">\n\t\t\t\t<h3 class=\"elementor-post__title\">\n\t\t\t<a href=\"https:\/\/worldjusticeproject.mx\/en\/indice-de-estado-de-derecho-en-mexico\/\" >\n\t\t\t\t\u00cdndice de Estado de Derecho en M\u00e9xico\t\t\t<\/a>\n\t\t<\/h3>\n\t\t\t\t<div class=\"elementor-post__excerpt\">\n\t\t\t<p>Ediciones del IEDMX 2023-2024 2022-2023 2019-2020 2020-2021 2019-2020 2018 \u00cdndice de Estado de Derecho en M\u00e9xico El \u00cdndice de Estado de Derecho en M\u00e9xico (IEDMX)<\/p>\n\t\t<\/div>\n\t\t\n\t\t<a class=\"elementor-post__read-more\" href=\"https:\/\/worldjusticeproject.mx\/en\/indice-de-estado-de-derecho-en-mexico\/\" aria-label=\"Read more about \u00cdndice de Estado de Derecho en M\u00e9xico\" tabindex=\"-1\" >\n\t\t\tLeer m\u00e1s \u00bb\t\t<\/a>\n\n\t\t\t\t<\/div>\n\t\t\t\t<div class=\"elementor-post__meta-data\">\n\t\t\t\t\t<span class=\"elementor-post-date\">\n\t\t\tJune 10, 2024\t\t<\/span>\n\t\t\t\t<\/div>\n\t\t\t\t\t<\/div>\n\t\t<\/article>\n\t\t\t\t<article class=\"elementor-post elementor-grid-item post-4745 post type-post status-publish format-standard has-post-thumbnail hentry category-investigacion category-justicia-alternativa tag-micrositio\">\n\t\t\t<div class=\"elementor-post__card\">\n\t\t\t\t<a class=\"elementor-post__thumbnail__link\" href=\"https:\/\/worldjusticeproject.mx\/en\/centros-de-paz-y-dialogo-un-modelo-de-justicia-alternativa-y-comunitaria-en-el-estado-de-mexico\/\" tabindex=\"-1\" ><div class=\"elementor-post__thumbnail\"><img loading=\"lazy\" decoding=\"async\" width=\"470\" height=\"330\" src=\"https:\/\/worldjusticeproject.mx\/wp-content\/uploads\/2024\/02\/IMG_4294-470x330.jpg\" class=\"attachment-medium size-medium wp-image-4746\" alt=\"\" srcset=\"https:\/\/worldjusticeproject.mx\/wp-content\/uploads\/2024\/02\/IMG_4294-470x330.jpg 470w, https:\/\/worldjusticeproject.mx\/wp-content\/uploads\/2024\/02\/IMG_4294-970x681.jpg 970w, https:\/\/worldjusticeproject.mx\/wp-content\/uploads\/2024\/02\/IMG_4294-170x119.jpg 170w, https:\/\/worldjusticeproject.mx\/wp-content\/uploads\/2024\/02\/IMG_4294-768x540.jpg 768w, https:\/\/worldjusticeproject.mx\/wp-content\/uploads\/2024\/02\/IMG_4294-1536x1079.jpg 1536w, https:\/\/worldjusticeproject.mx\/wp-content\/uploads\/2024\/02\/IMG_4294-e1708621740883.jpg 1500w\" sizes=\"(max-width: 470px) 100vw, 470px\" \/><\/div><\/a>\n\t\t\t\t<div class=\"elementor-post__badge\">Micrositio<\/div>\n\t\t\t\t<div class=\"elementor-post__text\">\n\t\t\t\t<h3 class=\"elementor-post__title\">\n\t\t\t<a href=\"https:\/\/worldjusticeproject.mx\/en\/centros-de-paz-y-dialogo-un-modelo-de-justicia-alternativa-y-comunitaria-en-el-estado-de-mexico\/\" >\n\t\t\t\tCentros de Paz y Di\u00e1logo: un modelo de justicia alternativa y comunitaria en el Estado de M\u00e9xico\t\t\t<\/a>\n\t\t<\/h3>\n\t\t\t\t<div class=\"elementor-post__excerpt\">\n\t\t\t<p>Explora el micrositio en espa\u00f1ol Explora el micrositio en ingl\u00e9s Rufina V\u00e1zquez es de origen tlahuica, biling\u00fce, adulta mayor y con dificultad para caminar, por<\/p>\n\t\t<\/div>\n\t\t\n\t\t<a class=\"elementor-post__read-more\" href=\"https:\/\/worldjusticeproject.mx\/en\/centros-de-paz-y-dialogo-un-modelo-de-justicia-alternativa-y-comunitaria-en-el-estado-de-mexico\/\" aria-label=\"Read more about Centros de Paz y Di\u00e1logo: un modelo de justicia alternativa y comunitaria en el Estado de M\u00e9xico\" tabindex=\"-1\" >\n\t\t\tLeer m\u00e1s \u00bb\t\t<\/a>\n\n\t\t\t\t<\/div>\n\t\t\t\t<div class=\"elementor-post__meta-data\">\n\t\t\t\t\t<span class=\"elementor-post-date\">\n\t\t\tFebruary 21, 2024\t\t<\/span>\n\t\t\t\t<\/div>\n\t\t\t\t\t<\/div>\n\t\t<\/article>\n\t\t\t\t<article class=\"elementor-post elementor-grid-item post-3958 post type-post status-publish format-standard has-post-thumbnail hentry category-investigacion category-justicia-alternativa tag-blog tag-justicia-alternativa tag-justicia-comunitaria\">\n\t\t\t<div class=\"elementor-post__card\">\n\t\t\t\t<a class=\"elementor-post__thumbnail__link\" href=\"https:\/\/worldjusticeproject.mx\/en\/el-fortalecimiento-del-acceso-a-la-justicia-en-comunidades-indigenas-del-estado-de-mexico-a-traves-de-los-centros-de-paz-y-dialogo\/\" tabindex=\"-1\" ><div class=\"elementor-post__thumbnail\"><img loading=\"lazy\" decoding=\"async\" width=\"470\" height=\"352\" src=\"https:\/\/worldjusticeproject.mx\/wp-content\/uploads\/2023\/09\/Banner-1-470x352.jpg\" class=\"attachment-medium size-medium wp-image-3961\" alt=\"\" srcset=\"https:\/\/worldjusticeproject.mx\/wp-content\/uploads\/2023\/09\/Banner-1-470x352.jpg 470w, https:\/\/worldjusticeproject.mx\/wp-content\/uploads\/2023\/09\/Banner-1-970x726.jpg 970w, https:\/\/worldjusticeproject.mx\/wp-content\/uploads\/2023\/09\/Banner-1-170x127.jpg 170w, https:\/\/worldjusticeproject.mx\/wp-content\/uploads\/2023\/09\/Banner-1-768x575.jpg 768w, https:\/\/worldjusticeproject.mx\/wp-content\/uploads\/2023\/09\/Banner-1-1536x1150.jpg 1536w, https:\/\/worldjusticeproject.mx\/wp-content\/uploads\/2023\/09\/Banner-1-2048x1534.jpg 2048w\" sizes=\"(max-width: 470px) 100vw, 470px\" \/><\/div><\/a>\n\t\t\t\t<div class=\"elementor-post__badge\">Blog<\/div>\n\t\t\t\t<div class=\"elementor-post__text\">\n\t\t\t\t<h3 class=\"elementor-post__title\">\n\t\t\t<a href=\"https:\/\/worldjusticeproject.mx\/en\/el-fortalecimiento-del-acceso-a-la-justicia-en-comunidades-indigenas-del-estado-de-mexico-a-traves-de-los-centros-de-paz-y-dialogo\/\" >\n\t\t\t\tEl fortalecimiento del acceso a la justicia en  comunidades ind\u00edgenas del Estado de M\u00e9xico a trav\u00e9s de los Centros de Paz y Di\u00e1logo\t\t\t<\/a>\n\t\t<\/h3>\n\t\t\t\t<div class=\"elementor-post__excerpt\">\n\t\t\t<p>En M\u00e9xico, como en otras partes del mundo, los modelos de justicia tradicional o comunitaria son una herramienta importante que utilizan comunidades y grupos marginados<\/p>\n\t\t<\/div>\n\t\t\n\t\t<a class=\"elementor-post__read-more\" href=\"https:\/\/worldjusticeproject.mx\/en\/el-fortalecimiento-del-acceso-a-la-justicia-en-comunidades-indigenas-del-estado-de-mexico-a-traves-de-los-centros-de-paz-y-dialogo\/\" aria-label=\"Read more about El fortalecimiento del acceso a la justicia en  comunidades ind\u00edgenas del Estado de M\u00e9xico a trav\u00e9s de los Centros de Paz y Di\u00e1logo\" tabindex=\"-1\" >\n\t\t\tLeer m\u00e1s \u00bb\t\t<\/a>\n\n\t\t\t\t<\/div>\n\t\t\t\t<div class=\"elementor-post__meta-data\">\n\t\t\t\t\t<span class=\"elementor-post-date\">\n\t\t\tSeptember 28, 2023\t\t<\/span>\n\t\t\t\t<\/div>\n\t\t\t\t\t<\/div>\n\t\t<\/article>\n\t\t\t\t<article class=\"elementor-post elementor-grid-item post-3526 post type-post status-publish format-standard has-post-thumbnail hentry category-estado-de-derecho category-investigacion category-reportes-estatales tag-reportes-estatales\">\n\t\t\t<div class=\"elementor-post__card\">\n\t\t\t\t<a class=\"elementor-post__thumbnail__link\" href=\"https:\/\/worldjusticeproject.mx\/en\/reportes-estatales-iedmx\/\" tabindex=\"-1\" ><div class=\"elementor-post__thumbnail\"><img loading=\"lazy\" decoding=\"async\" width=\"470\" height=\"193\" src=\"https:\/\/worldjusticeproject.mx\/wp-content\/uploads\/2023\/01\/reportes-estatales-iedmx-24-470x193.png\" class=\"attachment-medium size-medium wp-image-5024\" alt=\"\" srcset=\"https:\/\/worldjusticeproject.mx\/wp-content\/uploads\/2023\/01\/reportes-estatales-iedmx-24-470x193.png 470w, https:\/\/worldjusticeproject.mx\/wp-content\/uploads\/2023\/01\/reportes-estatales-iedmx-24-970x399.png 970w, https:\/\/worldjusticeproject.mx\/wp-content\/uploads\/2023\/01\/reportes-estatales-iedmx-24-170x70.png 170w, https:\/\/worldjusticeproject.mx\/wp-content\/uploads\/2023\/01\/reportes-estatales-iedmx-24-768x316.png 768w, https:\/\/worldjusticeproject.mx\/wp-content\/uploads\/2023\/01\/reportes-estatales-iedmx-24.png 1260w\" sizes=\"(max-width: 470px) 100vw, 470px\" \/><\/div><\/a>\n\t\t\t\t<div class=\"elementor-post__badge\">Reportes Estatales<\/div>\n\t\t\t\t<div class=\"elementor-post__text\">\n\t\t\t\t<h3 class=\"elementor-post__title\">\n\t\t\t<a href=\"https:\/\/worldjusticeproject.mx\/en\/reportes-estatales-iedmx\/\" >\n\t\t\t\tReportes Estatales del \u00cdndice de Estado de Derecho en M\u00e9xico\t\t\t<\/a>\n\t\t<\/h3>\n\t\t\t\t<div class=\"elementor-post__excerpt\">\n\t\t\t<p>Los Reportes Estatales del \u00cdndice de Estado de Derecho en M\u00e9xico del World Justice Project muestra d\u00f3nde se encuentra la entidad, as\u00ed como sus fortalezas<\/p>\n\t\t<\/div>\n\t\t\n\t\t<a class=\"elementor-post__read-more\" href=\"https:\/\/worldjusticeproject.mx\/en\/reportes-estatales-iedmx\/\" aria-label=\"Read more about Reportes Estatales del \u00cdndice de Estado de Derecho en M\u00e9xico\" tabindex=\"-1\" >\n\t\t\tLeer m\u00e1s \u00bb\t\t<\/a>\n\n\t\t\t\t<\/div>\n\t\t\t\t<div class=\"elementor-post__meta-data\">\n\t\t\t\t\t<span class=\"elementor-post-date\">\n\t\t\tJanuary 18, 2023\t\t<\/span>\n\t\t\t\t<\/div>\n\t\t\t\t\t<\/div>\n\t\t<\/article>\n\t\t\t\t<article class=\"elementor-post elementor-grid-item post-3024 post type-post status-publish format-standard has-post-thumbnail hentry category-investigacion category-justicia-alternativa category-reporte tag-reporte\">\n\t\t\t<div class=\"elementor-post__card\">\n\t\t\t\t<a class=\"elementor-post__thumbnail__link\" href=\"https:\/\/worldjusticeproject.mx\/en\/justicia-para-sanar\/\" tabindex=\"-1\" ><div class=\"elementor-post__thumbnail\"><img loading=\"lazy\" decoding=\"async\" width=\"470\" height=\"183\" src=\"https:\/\/worldjusticeproject.mx\/wp-content\/uploads\/2022\/10\/Captura-de-Pantalla-2022-10-06-a-las-16.51.29-470x183.png\" class=\"attachment-medium size-medium wp-image-3030\" alt=\"\" srcset=\"https:\/\/worldjusticeproject.mx\/wp-content\/uploads\/2022\/10\/Captura-de-Pantalla-2022-10-06-a-las-16.51.29-470x183.png 470w, https:\/\/worldjusticeproject.mx\/wp-content\/uploads\/2022\/10\/Captura-de-Pantalla-2022-10-06-a-las-16.51.29-970x377.png 970w, https:\/\/worldjusticeproject.mx\/wp-content\/uploads\/2022\/10\/Captura-de-Pantalla-2022-10-06-a-las-16.51.29-170x66.png 170w, https:\/\/worldjusticeproject.mx\/wp-content\/uploads\/2022\/10\/Captura-de-Pantalla-2022-10-06-a-las-16.51.29-768x299.png 768w, https:\/\/worldjusticeproject.mx\/wp-content\/uploads\/2022\/10\/Captura-de-Pantalla-2022-10-06-a-las-16.51.29-1536x597.png 1536w, https:\/\/worldjusticeproject.mx\/wp-content\/uploads\/2022\/10\/Captura-de-Pantalla-2022-10-06-a-las-16.51.29-2048x796.png 2048w\" sizes=\"(max-width: 470px) 100vw, 470px\" \/><\/div><\/a>\n\t\t\t\t<div class=\"elementor-post__badge\">Reporte<\/div>\n\t\t\t\t<div class=\"elementor-post__text\">\n\t\t\t\t<h3 class=\"elementor-post__title\">\n\t\t\t<a href=\"https:\/\/worldjusticeproject.mx\/en\/justicia-para-sanar\/\" >\n\t\t\t\tJusticia para sanar: Entendiendo la justicia alternativa en materia penal en M\u00e9xico\t\t\t<\/a>\n\t\t<\/h3>\n\t\t\t\t<div class=\"elementor-post__excerpt\">\n\t\t\t<p>El World Justice Project (WJP) busca promover un Estado de Derecho eficaz, ya que \u00e9ste es necesario para garantizar la paz, justicia e igualdad de<\/p>\n\t\t<\/div>\n\t\t\n\t\t<a class=\"elementor-post__read-more\" href=\"https:\/\/worldjusticeproject.mx\/en\/justicia-para-sanar\/\" aria-label=\"Read more about Justicia para sanar: Entendiendo la justicia alternativa en materia penal en M\u00e9xico\" tabindex=\"-1\" >\n\t\t\tLeer m\u00e1s \u00bb\t\t<\/a>\n\n\t\t\t\t<\/div>\n\t\t\t\t<div class=\"elementor-post__meta-data\">\n\t\t\t\t\t<span class=\"elementor-post-date\">\n\t\t\tOctober 6, 2022\t\t<\/span>\n\t\t\t\t<\/div>\n\t\t\t\t\t<\/div>\n\t\t<\/article>\n\t\t\t\t<article class=\"elementor-post elementor-grid-item post-3328 post type-post status-publish format-standard has-post-thumbnail hentry category-investigacion category-justicia-penal tag-reporte\">\n\t\t\t<div class=\"elementor-post__card\">\n\t\t\t\t<a class=\"elementor-post__thumbnail__link\" href=\"https:\/\/worldjusticeproject.mx\/en\/evaluacion-diagnostica-del-sistema-de-justicia-penal-cosmos-en-queretaro-mexico\/\" tabindex=\"-1\" ><div class=\"elementor-post__thumbnail\"><img loading=\"lazy\" decoding=\"async\" width=\"470\" height=\"170\" src=\"https:\/\/worldjusticeproject.mx\/wp-content\/uploads\/2022\/08\/Captura-de-Pantalla-2022-10-11-a-las-13.07.18-470x170.png\" class=\"attachment-medium size-medium wp-image-3333\" alt=\"\" srcset=\"https:\/\/worldjusticeproject.mx\/wp-content\/uploads\/2022\/08\/Captura-de-Pantalla-2022-10-11-a-las-13.07.18-470x170.png 470w, https:\/\/worldjusticeproject.mx\/wp-content\/uploads\/2022\/08\/Captura-de-Pantalla-2022-10-11-a-las-13.07.18-970x350.png 970w, https:\/\/worldjusticeproject.mx\/wp-content\/uploads\/2022\/08\/Captura-de-Pantalla-2022-10-11-a-las-13.07.18-170x61.png 170w, https:\/\/worldjusticeproject.mx\/wp-content\/uploads\/2022\/08\/Captura-de-Pantalla-2022-10-11-a-las-13.07.18-768x278.png 768w, https:\/\/worldjusticeproject.mx\/wp-content\/uploads\/2022\/08\/Captura-de-Pantalla-2022-10-11-a-las-13.07.18.png 1262w\" sizes=\"(max-width: 470px) 100vw, 470px\" \/><\/div><\/a>\n\t\t\t\t<div class=\"elementor-post__badge\">Reporte<\/div>\n\t\t\t\t<div class=\"elementor-post__text\">\n\t\t\t\t<h3 class=\"elementor-post__title\">\n\t\t\t<a href=\"https:\/\/worldjusticeproject.mx\/en\/evaluacion-diagnostica-del-sistema-de-justicia-penal-cosmos-en-queretaro-mexico\/\" >\n\t\t\t\tEvaluaci\u00f3n diagn\u00f3stica del sistema de justicia penal COSMOS en Quer\u00e9taro, M\u00e9xico\t\t\t<\/a>\n\t\t<\/h3>\n\t\t\t\t<div class=\"elementor-post__excerpt\">\n\t\t\t<p>Este informe se basa en evidencia que es poco recurrida en la investigacio\u0301n aplicada en Me\u0301xico: los datos que aportan directamente operadores del sistema de<\/p>\n\t\t<\/div>\n\t\t\n\t\t<a class=\"elementor-post__read-more\" href=\"https:\/\/worldjusticeproject.mx\/en\/evaluacion-diagnostica-del-sistema-de-justicia-penal-cosmos-en-queretaro-mexico\/\" aria-label=\"Read more about Evaluaci\u00f3n diagn\u00f3stica del sistema de justicia penal COSMOS en Quer\u00e9taro, M\u00e9xico\" tabindex=\"-1\" >\n\t\t\tLeer m\u00e1s \u00bb\t\t<\/a>\n\n\t\t\t\t<\/div>\n\t\t\t\t<div class=\"elementor-post__meta-data\">\n\t\t\t\t\t<span class=\"elementor-post-date\">\n\t\t\tAugust 29, 2022\t\t<\/span>\n\t\t\t\t<\/div>\n\t\t\t\t\t<\/div>\n\t\t<\/article>\n\t\t\t\t<article class=\"elementor-post elementor-grid-item post-2529 post type-post status-publish format-standard has-post-thumbnail hentry category-investigacion category-justicia-alternativa category-reporte tag-reporte\">\n\t\t\t<div class=\"elementor-post__card\">\n\t\t\t\t<a class=\"elementor-post__thumbnail__link\" href=\"https:\/\/worldjusticeproject.mx\/en\/nivelando-asimetrias-de-genero\/\" tabindex=\"-1\" ><div class=\"elementor-post__thumbnail\"><img loading=\"lazy\" decoding=\"async\" width=\"470\" height=\"232\" src=\"https:\/\/worldjusticeproject.mx\/wp-content\/uploads\/2022\/03\/8M-2022_Articulo-web-470x232.jpg\" class=\"attachment-medium size-medium wp-image-2530\" alt=\"Justicia alternativa\" srcset=\"https:\/\/worldjusticeproject.mx\/wp-content\/uploads\/2022\/03\/8M-2022_Articulo-web-470x232.jpg 470w, https:\/\/worldjusticeproject.mx\/wp-content\/uploads\/2022\/03\/8M-2022_Articulo-web-970x479.jpg 970w, https:\/\/worldjusticeproject.mx\/wp-content\/uploads\/2022\/03\/8M-2022_Articulo-web-170x84.jpg 170w, https:\/\/worldjusticeproject.mx\/wp-content\/uploads\/2022\/03\/8M-2022_Articulo-web-768x379.jpg 768w, https:\/\/worldjusticeproject.mx\/wp-content\/uploads\/2022\/03\/8M-2022_Articulo-web-1536x759.jpg 1536w, https:\/\/worldjusticeproject.mx\/wp-content\/uploads\/2022\/03\/8M-2022_Articulo-web-2048x1012.jpg 2048w, https:\/\/worldjusticeproject.mx\/wp-content\/uploads\/2022\/03\/8M-2022_Articulo-web-scaled-e1646766226206.jpg 1000w\" sizes=\"(max-width: 470px) 100vw, 470px\" \/><\/div><\/a>\n\t\t\t\t<div class=\"elementor-post__badge\">Reporte<\/div>\n\t\t\t\t<div class=\"elementor-post__text\">\n\t\t\t\t<h3 class=\"elementor-post__title\">\n\t\t\t<a href=\"https:\/\/worldjusticeproject.mx\/en\/nivelando-asimetrias-de-genero\/\" >\n\t\t\t\tNivelando asimetr\u00edas de g\u00e9nero\t\t\t<\/a>\n\t\t<\/h3>\n\t\t\t\t<div class=\"elementor-post__excerpt\">\n\t\t\t<p>La justicia alternativa como mecanismo para el acceso a la justicia de las mujeres Por: Ver\u00f3nica Jaso, Investigadora del World Justice Project El acceso a<\/p>\n\t\t<\/div>\n\t\t\n\t\t<a class=\"elementor-post__read-more\" href=\"https:\/\/worldjusticeproject.mx\/en\/nivelando-asimetrias-de-genero\/\" aria-label=\"Read more about Nivelando asimetr\u00edas de g\u00e9nero\" tabindex=\"-1\" >\n\t\t\tLeer m\u00e1s \u00bb\t\t<\/a>\n\n\t\t\t\t<\/div>\n\t\t\t\t<div class=\"elementor-post__meta-data\">\n\t\t\t\t\t<span class=\"elementor-post-date\">\n\t\t\tMarch 8, 2022\t\t<\/span>\n\t\t\t\t<\/div>\n\t\t\t\t\t<\/div>\n\t\t<\/article>\n\t\t\t\t<article class=\"elementor-post elementor-grid-item post-2476 post type-post status-publish format-standard has-post-thumbnail hentry category-investigacion category-justicia-alternativa category-reporte category-video tag-reporte tag-video\">\n\t\t\t<div class=\"elementor-post__card\">\n\t\t\t\t<a class=\"elementor-post__thumbnail__link\" href=\"https:\/\/worldjusticeproject.mx\/en\/mediacion-indigena-acercando-la-justicia\/\" tabindex=\"-1\" ><div class=\"elementor-post__thumbnail\"><img loading=\"lazy\" decoding=\"async\" width=\"470\" height=\"209\" src=\"https:\/\/worldjusticeproject.mx\/wp-content\/uploads\/2021\/11\/Captura-de-Pantalla-2021-11-16-a-las-21.11.30-470x209.png\" class=\"attachment-medium size-medium wp-image-2481\" alt=\"\" srcset=\"https:\/\/worldjusticeproject.mx\/wp-content\/uploads\/2021\/11\/Captura-de-Pantalla-2021-11-16-a-las-21.11.30-470x209.png 470w, https:\/\/worldjusticeproject.mx\/wp-content\/uploads\/2021\/11\/Captura-de-Pantalla-2021-11-16-a-las-21.11.30-970x432.png 970w, https:\/\/worldjusticeproject.mx\/wp-content\/uploads\/2021\/11\/Captura-de-Pantalla-2021-11-16-a-las-21.11.30-170x76.png 170w, https:\/\/worldjusticeproject.mx\/wp-content\/uploads\/2021\/11\/Captura-de-Pantalla-2021-11-16-a-las-21.11.30-768x342.png 768w, https:\/\/worldjusticeproject.mx\/wp-content\/uploads\/2021\/11\/Captura-de-Pantalla-2021-11-16-a-las-21.11.30-1536x684.png 1536w, https:\/\/worldjusticeproject.mx\/wp-content\/uploads\/2021\/11\/Captura-de-Pantalla-2021-11-16-a-las-21.11.30-2048x912.png 2048w\" sizes=\"(max-width: 470px) 100vw, 470px\" \/><\/div><\/a>\n\t\t\t\t<div class=\"elementor-post__badge\">Reporte<\/div>\n\t\t\t\t<div class=\"elementor-post__text\">\n\t\t\t\t<h3 class=\"elementor-post__title\">\n\t\t\t<a href=\"https:\/\/worldjusticeproject.mx\/en\/mediacion-indigena-acercando-la-justicia\/\" >\n\t\t\t\tMediaci\u00f3n Ind\u00edgena: Acercando la justicia\t\t\t<\/a>\n\t\t<\/h3>\n\t\t\t\t<div class=\"elementor-post__excerpt\">\n\t\t\t<p>La mediaci\u00f3n ind\u00edgena es un modelo que inici\u00f3 en Hidalgo en 2007 y constituye una v\u00eda para resolver un conflicto, distinta a la que se<\/p>\n\t\t<\/div>\n\t\t\n\t\t<a class=\"elementor-post__read-more\" href=\"https:\/\/worldjusticeproject.mx\/en\/mediacion-indigena-acercando-la-justicia\/\" aria-label=\"Read more about Mediaci\u00f3n Ind\u00edgena: Acercando la justicia\" tabindex=\"-1\" >\n\t\t\tLeer m\u00e1s \u00bb\t\t<\/a>\n\n\t\t\t\t<\/div>\n\t\t\t\t<div class=\"elementor-post__meta-data\">\n\t\t\t\t\t<span class=\"elementor-post-date\">\n\t\t\tNovember 12, 2021\t\t<\/span>\n\t\t\t\t<\/div>\n\t\t\t\t\t<\/div>\n\t\t<\/article>\n\t\t\t\t<article class=\"elementor-post elementor-grid-item post-3208 post type-post status-publish format-standard has-post-thumbnail hentry category-investigacion category-justicia-alternativa category-video tag-video\">\n\t\t\t<div class=\"elementor-post__card\">\n\t\t\t\t<a class=\"elementor-post__thumbnail__link\" href=\"https:\/\/worldjusticeproject.mx\/en\/una-ruta-hacia-la-justicia-alternativa\/\" tabindex=\"-1\" ><div class=\"elementor-post__thumbnail\"><img loading=\"lazy\" decoding=\"async\" width=\"470\" height=\"194\" src=\"https:\/\/worldjusticeproject.mx\/wp-content\/uploads\/2022\/10\/Captura-de-Pantalla-2022-10-10-a-las-22.15.24-e1665458208484-470x194.png\" class=\"attachment-medium size-medium wp-image-3209\" alt=\"\" srcset=\"https:\/\/worldjusticeproject.mx\/wp-content\/uploads\/2022\/10\/Captura-de-Pantalla-2022-10-10-a-las-22.15.24-e1665458208484-470x194.png 470w, https:\/\/worldjusticeproject.mx\/wp-content\/uploads\/2022\/10\/Captura-de-Pantalla-2022-10-10-a-las-22.15.24-e1665458208484-970x400.png 970w, https:\/\/worldjusticeproject.mx\/wp-content\/uploads\/2022\/10\/Captura-de-Pantalla-2022-10-10-a-las-22.15.24-e1665458208484-170x70.png 170w, https:\/\/worldjusticeproject.mx\/wp-content\/uploads\/2022\/10\/Captura-de-Pantalla-2022-10-10-a-las-22.15.24-e1665458208484-768x317.png 768w, https:\/\/worldjusticeproject.mx\/wp-content\/uploads\/2022\/10\/Captura-de-Pantalla-2022-10-10-a-las-22.15.24-e1665458208484-1536x634.png 1536w, https:\/\/worldjusticeproject.mx\/wp-content\/uploads\/2022\/10\/Captura-de-Pantalla-2022-10-10-a-las-22.15.24-e1665458208484.png 1600w\" sizes=\"(max-width: 470px) 100vw, 470px\" \/><\/div><\/a>\n\t\t\t\t<div class=\"elementor-post__badge\">video<\/div>\n\t\t\t\t<div class=\"elementor-post__text\">\n\t\t\t\t<h3 class=\"elementor-post__title\">\n\t\t\t<a href=\"https:\/\/worldjusticeproject.mx\/en\/una-ruta-hacia-la-justicia-alternativa\/\" >\n\t\t\t\tUna ruta hacia la justicia alternativa\t\t\t<\/a>\n\t\t<\/h3>\n\t\t\t\t<div class=\"elementor-post__excerpt\">\n\t\t\t<p>Una ruta hacia la justicia alternativa: Un video documental por World Justice Project. https:\/\/vimeo.com\/606669278<\/p>\n\t\t<\/div>\n\t\t\n\t\t<a class=\"elementor-post__read-more\" href=\"https:\/\/worldjusticeproject.mx\/en\/una-ruta-hacia-la-justicia-alternativa\/\" aria-label=\"Read more about Una ruta hacia la justicia alternativa\" tabindex=\"-1\" >\n\t\t\tLeer m\u00e1s \u00bb\t\t<\/a>\n\n\t\t\t\t<\/div>\n\t\t\t\t<div class=\"elementor-post__meta-data\">\n\t\t\t\t\t<span class=\"elementor-post-date\">\n\t\t\tSeptember 16, 2021\t\t<\/span>\n\t\t\t\t<\/div>\n\t\t\t\t\t<\/div>\n\t\t<\/article>\n\t\t\t\t<article class=\"elementor-post elementor-grid-item post-3202 post type-post status-publish format-standard has-post-thumbnail hentry category-investigacion category-justicia-alternativa category-video tag-video\">\n\t\t\t<div class=\"elementor-post__card\">\n\t\t\t\t<a class=\"elementor-post__thumbnail__link\" href=\"https:\/\/worldjusticeproject.mx\/en\/entendiendo-la-justicia-alternativa\/\" tabindex=\"-1\" ><div class=\"elementor-post__thumbnail\"><img loading=\"lazy\" decoding=\"async\" width=\"470\" height=\"149\" src=\"https:\/\/worldjusticeproject.mx\/wp-content\/uploads\/2021\/09\/Captura-de-Pantalla-2022-10-10-a-las-22.04.50-e1665457696606-470x149.png\" class=\"attachment-medium size-medium wp-image-3207\" alt=\"\" srcset=\"https:\/\/worldjusticeproject.mx\/wp-content\/uploads\/2021\/09\/Captura-de-Pantalla-2022-10-10-a-las-22.04.50-e1665457696606-470x149.png 470w, https:\/\/worldjusticeproject.mx\/wp-content\/uploads\/2021\/09\/Captura-de-Pantalla-2022-10-10-a-las-22.04.50-e1665457696606-970x308.png 970w, https:\/\/worldjusticeproject.mx\/wp-content\/uploads\/2021\/09\/Captura-de-Pantalla-2022-10-10-a-las-22.04.50-e1665457696606-170x54.png 170w, https:\/\/worldjusticeproject.mx\/wp-content\/uploads\/2021\/09\/Captura-de-Pantalla-2022-10-10-a-las-22.04.50-e1665457696606-768x244.png 768w, https:\/\/worldjusticeproject.mx\/wp-content\/uploads\/2021\/09\/Captura-de-Pantalla-2022-10-10-a-las-22.04.50-e1665457696606-1536x488.png 1536w, https:\/\/worldjusticeproject.mx\/wp-content\/uploads\/2021\/09\/Captura-de-Pantalla-2022-10-10-a-las-22.04.50-e1665457696606.png 1600w\" sizes=\"(max-width: 470px) 100vw, 470px\" \/><\/div><\/a>\n\t\t\t\t<div class=\"elementor-post__badge\">video<\/div>\n\t\t\t\t<div class=\"elementor-post__text\">\n\t\t\t\t<h3 class=\"elementor-post__title\">\n\t\t\t<a href=\"https:\/\/worldjusticeproject.mx\/en\/entendiendo-la-justicia-alternativa\/\" >\n\t\t\t\tEntendiendo la Justicia Alternativa\t\t\t<\/a>\n\t\t<\/h3>\n\t\t\t\t<div class=\"elementor-post__excerpt\">\n\t\t\t<p>Entendiendo la Justicia Alternativa; Un video documental por World Justice Project https:\/\/vimeo.com\/manage\/videos\/606719654<\/p>\n\t\t<\/div>\n\t\t\n\t\t<a class=\"elementor-post__read-more\" href=\"https:\/\/worldjusticeproject.mx\/en\/entendiendo-la-justicia-alternativa\/\" aria-label=\"Read more about Entendiendo la Justicia Alternativa\" tabindex=\"-1\" >\n\t\t\tLeer m\u00e1s \u00bb\t\t<\/a>\n\n\t\t\t\t<\/div>\n\t\t\t\t<div class=\"elementor-post__meta-data\">\n\t\t\t\t\t<span class=\"elementor-post-date\">\n\t\t\tSeptember 16, 2021\t\t<\/span>\n\t\t\t\t<\/div>\n\t\t\t\t\t<\/div>\n\t\t<\/article>\n\t\t\t\t<\/div>\n\t\t\n\t\t\t\t\t\t<\/div>\n\t\t\t\t<\/div>\n\t\t\t\t\t<\/div>\n\t\t<\/div>\n\t\t\t\t\t<\/div>\n\t\t<\/section>\n\t\t\t\t<\/div>","protected":false},"excerpt":{"rendered":"<p>Investigaci\u00f3n<\/p>","protected":false},"author":3,"featured_media":0,"parent":0,"menu_order":0,"comment_status":"closed","ping_status":"closed","template":"","meta":{"footnotes":""},"class_list":["post-2819","page","type-page","status-publish","hentry"],"yoast_head":"<!-- This site is optimized with the Yoast SEO plugin v25.2 - https:\/\/yoast.com\/wordpress\/plugins\/seo\/ -->\n<title>Investigaci\u00f3n - World Justice Project (M\u00e9xico)<\/title>\n<meta name=\"robots\" content=\"index, follow, max-snippet:-1, max-image-preview:large, max-video-preview:-1\" \/>\n<link rel=\"canonical\" href=\"https:\/\/worldjusticeproject.mx\/en\/investigacion\/\" \/>\n<meta property=\"og:locale\" content=\"en_US\" \/>\n<meta property=\"og:type\" content=\"article\" \/>\n<meta property=\"og:title\" content=\"Investigaci\u00f3n - World Justice Project (M\u00e9xico)\" \/>\n<meta property=\"og:description\" content=\"Investigaci\u00f3n\" \/>\n<meta property=\"og:url\" content=\"https:\/\/worldjusticeproject.mx\/en\/investigacion\/\" \/>\n<meta property=\"og:site_name\" content=\"World Justice Project (M\u00e9xico)\" \/>\n<meta property=\"article:modified_time\" content=\"2022-10-11T18:00:03+00:00\" \/>\n<meta name=\"twitter:card\" content=\"summary_large_image\" \/>\n<meta name=\"twitter:label1\" content=\"Est. reading time\" \/>\n\t<meta name=\"twitter:data1\" content=\"6 minutes\" \/>\n<script type=\"application\/ld+json\" class=\"yoast-schema-graph\">{\"@context\":\"https:\/\/schema.org\",\"@graph\":[{\"@type\":\"WebPage\",\"@id\":\"https:\/\/worldjusticeproject.mx\/investigacion\/\",\"url\":\"https:\/\/worldjusticeproject.mx\/investigacion\/\",\"name\":\"Investigaci\u00f3n - World Justice Project (M\u00e9xico)\",\"isPartOf\":{\"@id\":\"https:\/\/worldjusticeproject.mx\/#website\"},\"datePublished\":\"2022-10-06T03:10:08+00:00\",\"dateModified\":\"2022-10-11T18:00:03+00:00\",\"breadcrumb\":{\"@id\":\"https:\/\/worldjusticeproject.mx\/investigacion\/#breadcrumb\"},\"inLanguage\":\"en-US\",\"potentialAction\":[{\"@type\":\"ReadAction\",\"target\":[\"https:\/\/worldjusticeproject.mx\/investigacion\/\"]}]},{\"@type\":\"BreadcrumbList\",\"@id\":\"https:\/\/worldjusticeproject.mx\/investigacion\/#breadcrumb\",\"itemListElement\":[{\"@type\":\"ListItem\",\"position\":1,\"name\":\"Home\",\"item\":\"https:\/\/worldjusticeproject.mx\/\"},{\"@type\":\"ListItem\",\"position\":2,\"name\":\"Investigaci\u00f3n\"}]},{\"@type\":\"WebSite\",\"@id\":\"https:\/\/worldjusticeproject.mx\/#website\",\"url\":\"https:\/\/worldjusticeproject.mx\/\",\"name\":\"World Justice Project (M\u00e9xico)\",\"description\":\"Sitio web de la oficina en M\u00e9xico de la organizaci\u00f3n basada en Washington DC, Estados Unidos\",\"potentialAction\":[{\"@type\":\"SearchAction\",\"target\":{\"@type\":\"EntryPoint\",\"urlTemplate\":\"https:\/\/worldjusticeproject.mx\/?s={search_term_string}\"},\"query-input\":{\"@type\":\"PropertyValueSpecification\",\"valueRequired\":true,\"valueName\":\"search_term_string\"}}],\"inLanguage\":\"en-US\"}]}<\/script>\n<!-- \/ Yoast SEO plugin. -->","yoast_head_json":{"title":"Investigaci\u00f3n - World Justice Project (M\u00e9xico)","robots":{"index":"index","follow":"follow","max-snippet":"max-snippet:-1","max-image-preview":"max-image-preview:large","max-video-preview":"max-video-preview:-1"},"canonical":"https:\/\/worldjusticeproject.mx\/en\/investigacion\/","og_locale":"en_US","og_type":"article","og_title":"Investigaci\u00f3n - World Justice Project (M\u00e9xico)","og_description":"Investigaci\u00f3n","og_url":"https:\/\/worldjusticeproject.mx\/en\/investigacion\/","og_site_name":"World Justice Project (M\u00e9xico)","article_modified_time":"2022-10-11T18:00:03+00:00","twitter_card":"summary_large_image","twitter_misc":{"Est. reading time":"6 minutes"},"schema":{"@context":"https:\/\/schema.org","@graph":[{"@type":"WebPage","@id":"https:\/\/worldjusticeproject.mx\/investigacion\/","url":"https:\/\/worldjusticeproject.mx\/investigacion\/","name":"Investigaci\u00f3n - World Justice Project (M\u00e9xico)","isPartOf":{"@id":"https:\/\/worldjusticeproject.mx\/#website"},"datePublished":"2022-10-06T03:10:08+00:00","dateModified":"2022-10-11T18:00:03+00:00","breadcrumb":{"@id":"https:\/\/worldjusticeproject.mx\/investigacion\/#breadcrumb"},"inLanguage":"en-US","potentialAction":[{"@type":"ReadAction","target":["https:\/\/worldjusticeproject.mx\/investigacion\/"]}]},{"@type":"BreadcrumbList","@id":"https:\/\/worldjusticeproject.mx\/investigacion\/#breadcrumb","itemListElement":[{"@type":"ListItem","position":1,"name":"Home","item":"https:\/\/worldjusticeproject.mx\/"},{"@type":"ListItem","position":2,"name":"Investigaci\u00f3n"}]},{"@type":"WebSite","@id":"https:\/\/worldjusticeproject.mx\/#website","url":"https:\/\/worldjusticeproject.mx\/","name":"World Justice Project (M\u00e9xico)","description":"Sitio web de la oficina en M\u00e9xico de la organizaci\u00f3n basada en Washington DC, Estados Unidos","potentialAction":[{"@type":"SearchAction","target":{"@type":"EntryPoint","urlTemplate":"https:\/\/worldjusticeproject.mx\/?s={search_term_string}"},"query-input":{"@type":"PropertyValueSpecification","valueRequired":true,"valueName":"search_term_string"}}],"inLanguage":"en-US"}]}},"_links":{"self":[{"href":"https:\/\/worldjusticeproject.mx\/en\/wp-json\/wp\/v2\/pages\/2819","targetHints":{"allow":["GET"]}}],"collection":[{"href":"https:\/\/worldjusticeproject.mx\/en\/wp-json\/wp\/v2\/pages"}],"about":[{"href":"https:\/\/worldjusticeproject.mx\/en\/wp-json\/wp\/v2\/types\/page"}],"author":[{"embeddable":true,"href":"https:\/\/worldjusticeproject.mx\/en\/wp-json\/wp\/v2\/users\/3"}],"replies":[{"embeddable":true,"href":"https:\/\/worldjusticeproject.mx\/en\/wp-json\/wp\/v2\/comments?post=2819"}],"version-history":[{"count":5,"href":"https:\/\/worldjusticeproject.mx\/en\/wp-json\/wp\/v2\/pages\/2819\/revisions"}],"predecessor-version":[{"id":3325,"href":"https:\/\/worldjusticeproject.mx\/en\/wp-json\/wp\/v2\/pages\/2819\/revisions\/3325"}],"wp:attachment":[{"href":"https:\/\/worldjusticeproject.mx\/en\/wp-json\/wp\/v2\/media?parent=2819"}],"curies":[{"name":"wp","href":"https:\/\/api.w.org\/{rel}","templated":true}]}}