{"id":3137,"date":"2022-10-10T12:32:27","date_gmt":"2022-10-10T17:32:27","guid":{"rendered":"https:\/\/worldjusticeproject.mx\/?page_id=3137"},"modified":"2024-06-11T06:59:33","modified_gmt":"2024-06-11T12:59:33","slug":"que-hacemos","status":"publish","type":"page","link":"https:\/\/worldjusticeproject.mx\/en\/que-hacemos\/","title":{"rendered":"\u00bfQu\u00e9 hacemos?"},"content":{"rendered":"<div data-elementor-type=\"wp-page\" data-elementor-id=\"3137\" class=\"elementor elementor-3137\" data-elementor-post-type=\"page\">\n\t\t\t\t\t\t<section class=\"elementor-section elementor-top-section elementor-element elementor-element-a0f751a elementor-section-boxed elementor-section-height-default elementor-section-height-default\" data-id=\"a0f751a\" data-element_type=\"section\">\n\t\t\t\t\t\t<div class=\"elementor-container elementor-column-gap-default\">\n\t\t\t\t\t<div class=\"elementor-column elementor-col-100 elementor-top-column elementor-element elementor-element-a8a2095\" data-id=\"a8a2095\" data-element_type=\"column\">\n\t\t\t<div class=\"elementor-widget-wrap elementor-element-populated\">\n\t\t\t\t\t\t<div class=\"elementor-element elementor-element-1dc987e elementor-widget elementor-widget-image\" data-id=\"1dc987e\" data-element_type=\"widget\" data-widget_type=\"image.default\">\n\t\t\t\t<div class=\"elementor-widget-container\">\n\t\t\t\t\t\t\t\t\t\t\t\t\t\t\t<img fetchpriority=\"high\" decoding=\"async\" width=\"2218\" height=\"262\" src=\"https:\/\/worldjusticeproject.mx\/wp-content\/uploads\/2022\/10\/que-hacemos-V1.jpg\" class=\"attachment-full size-full wp-image-3297\" alt=\"\" srcset=\"https:\/\/worldjusticeproject.mx\/wp-content\/uploads\/2022\/10\/que-hacemos-V1.jpg 2218w, https:\/\/worldjusticeproject.mx\/wp-content\/uploads\/2022\/10\/que-hacemos-V1-470x56.jpg 470w, https:\/\/worldjusticeproject.mx\/wp-content\/uploads\/2022\/10\/que-hacemos-V1-970x115.jpg 970w, https:\/\/worldjusticeproject.mx\/wp-content\/uploads\/2022\/10\/que-hacemos-V1-170x20.jpg 170w, https:\/\/worldjusticeproject.mx\/wp-content\/uploads\/2022\/10\/que-hacemos-V1-768x91.jpg 768w, https:\/\/worldjusticeproject.mx\/wp-content\/uploads\/2022\/10\/que-hacemos-V1-1536x181.jpg 1536w, https:\/\/worldjusticeproject.mx\/wp-content\/uploads\/2022\/10\/que-hacemos-V1-2048x242.jpg 2048w\" sizes=\"(max-width: 2218px) 100vw, 2218px\" \/>\t\t\t\t\t\t\t\t\t\t\t\t\t\t\t<\/div>\n\t\t\t\t<\/div>\n\t\t\t\t\t<\/div>\n\t\t<\/div>\n\t\t\t\t\t<\/div>\n\t\t<\/section>\n\t\t\t\t<section class=\"elementor-section elementor-top-section elementor-element elementor-element-7bec726 elementor-section-boxed elementor-section-height-default elementor-section-height-default\" data-id=\"7bec726\" data-element_type=\"section\">\n\t\t\t\t\t\t<div class=\"elementor-container elementor-column-gap-default\">\n\t\t\t\t\t<div class=\"elementor-column elementor-col-100 elementor-top-column elementor-element elementor-element-6771019\" data-id=\"6771019\" data-element_type=\"column\">\n\t\t\t<div class=\"elementor-widget-wrap elementor-element-populated\">\n\t\t\t\t\t\t<div class=\"elementor-element elementor-element-4637c27 elementor-widget elementor-widget-heading\" data-id=\"4637c27\" data-element_type=\"widget\" data-widget_type=\"heading.default\">\n\t\t\t\t<div class=\"elementor-widget-container\">\n\t\t\t\t\t<h2 class=\"elementor-heading-title elementor-size-default\">Buscamos fortalecer el Estado de Derecho en M\u00e9xico a trav\u00e9s de la informaci\u00f3n, la conciencia p\u00fablica y la investigaci\u00f3n.<\/h2>\t\t\t\t<\/div>\n\t\t\t\t<\/div>\n\t\t\t\t\t<\/div>\n\t\t<\/div>\n\t\t\t\t\t<\/div>\n\t\t<\/section>\n\t\t\t\t<section class=\"elementor-section elementor-top-section elementor-element elementor-element-1059995 elementor-section-boxed elementor-section-height-default elementor-section-height-default\" data-id=\"1059995\" data-element_type=\"section\">\n\t\t\t\t\t\t<div class=\"elementor-container elementor-column-gap-default\">\n\t\t\t\t\t<div class=\"elementor-column elementor-col-100 elementor-top-column elementor-element elementor-element-ce8f794\" data-id=\"ce8f794\" data-element_type=\"column\">\n\t\t\t<div class=\"elementor-widget-wrap elementor-element-populated\">\n\t\t\t\t\t\t<div class=\"elementor-element elementor-element-5bb1600 elementor-widget elementor-widget-text-editor\" data-id=\"5bb1600\" data-element_type=\"widget\" data-widget_type=\"text-editor.default\">\n\t\t\t\t<div class=\"elementor-widget-container\">\n\t\t\t\t\t\t\t\t\t<p><span style=\"color: var( --e-global-color-text ); font-size: 1rem;\">Operando desde 2016, el trabajo de nuestra oficina en M\u00e9xico est\u00e1 fundamentado en datos. Nos guiamos por el principio de reforma basada en evidencia, en el que las recomendaciones concretas est\u00e9n respaldadas por una investigaci\u00f3n rigurosa. Nuestros an\u00e1lisis brindan informaci\u00f3n sobre pol\u00edticas mal formuladas y c\u00f3mo \u00e9stas afectan la vida cotidiana de las y los ciudadanos y sustentan las propuestas de estrategias para fortalecer el Estado de Derecho. Utilizamos la narraci\u00f3n visual y las experiencias de personas, generalmente a trav\u00e9s de documentales en alta calidad, para presentar hallazgos de una forma accesible.<\/span><br><\/p>\n<p>Producimos el \u00fanico \u00cdndice de Estado de Derecho del pa\u00eds con cifras a nivel estatal. Adem\u00e1s del Estado de Derecho, nuestro ejes de trabajo son Justicia Alternativa, Reforma Policial, y Justicia Penal. Generamos datos con\ufb01ables y s\u00f3lidos a partir de un gran volumen de entrevistas a profundidad con diversos agentes, incluida la polic\u00eda local, \ufb01scales, jueces, as\u00ed como l\u00edderes de la sociedad civil y academia independientes expertos en el tema.<\/p>\t\t\t\t\t\t\t\t<\/div>\n\t\t\t\t<\/div>\n\t\t\t\t\t<\/div>\n\t\t<\/div>\n\t\t\t\t\t<\/div>\n\t\t<\/section>\n\t\t\t\t<section class=\"elementor-section elementor-top-section elementor-element elementor-element-b81590a elementor-section-boxed elementor-section-height-default elementor-section-height-default\" data-id=\"b81590a\" data-element_type=\"section\">\n\t\t\t\t\t\t<div class=\"elementor-container elementor-column-gap-default\">\n\t\t\t\t\t<div class=\"elementor-column elementor-col-33 elementor-top-column elementor-element elementor-element-5831e2b\" data-id=\"5831e2b\" data-element_type=\"column\">\n\t\t\t<div class=\"elementor-widget-wrap\">\n\t\t\t\t\t\t\t<\/div>\n\t\t<\/div>\n\t\t\t\t<div class=\"elementor-column elementor-col-66 elementor-top-column elementor-element elementor-element-c0daca8\" data-id=\"c0daca8\" data-element_type=\"column\">\n\t\t\t<div class=\"elementor-widget-wrap elementor-element-populated\">\n\t\t\t\t\t\t<div class=\"elementor-element elementor-element-ef0d08e elementor-blockquote--skin-boxed elementor-blockquote--align-right elementor-blockquote--button-color-official elementor-widget elementor-widget-blockquote\" data-id=\"ef0d08e\" data-element_type=\"widget\" data-widget_type=\"blockquote.default\">\n\t\t\t\t<div class=\"elementor-widget-container\">\n\t\t\t\t\t\t\t<blockquote class=\"elementor-blockquote\">\n\t\t\t<p class=\"elementor-blockquote__content\">\n\t\t\t\tResulta \u00fatil encontrar propuestas tan interesantes como la del World Justice Project y su \u00cdndice de Estado de Derecho.\t\t\t<\/p>\n\t\t\t\t\t\t\t<div class=\"e-q-footer\">\n\t\t\t\t\t\t\t\t\t\t\t<cite class=\"elementor-blockquote__author\">Olga S\u00e1nchez Cordero, Senadora del Grupo Parlamentario de Morena<\/cite>\n\t\t\t\t\t\t\t\t\t\t\t\t\t\t<\/div>\n\t\t\t\t\t<\/blockquote>\n\t\t\t\t\t\t<\/div>\n\t\t\t\t<\/div>\n\t\t\t\t\t<\/div>\n\t\t<\/div>\n\t\t\t\t\t<\/div>\n\t\t<\/section>\n\t\t\t\t<section class=\"elementor-section elementor-top-section elementor-element elementor-element-75e91be elementor-section-boxed elementor-section-height-default elementor-section-height-default\" data-id=\"75e91be\" data-element_type=\"section\">\n\t\t\t\t\t\t<div class=\"elementor-container elementor-column-gap-default\">\n\t\t\t\t\t<div class=\"elementor-column elementor-col-33 elementor-top-column elementor-element elementor-element-68b504c\" data-id=\"68b504c\" data-element_type=\"column\">\n\t\t\t<div class=\"elementor-widget-wrap elementor-element-populated\">\n\t\t\t\t\t\t<div class=\"elementor-element elementor-element-5aa9058 elementor-widget elementor-widget-heading\" data-id=\"5aa9058\" data-element_type=\"widget\" data-widget_type=\"heading.default\">\n\t\t\t\t<div class=\"elementor-widget-container\">\n\t\t\t\t\t<h2 class=\"elementor-heading-title elementor-size-default\">Estado de Derecho<\/h2>\t\t\t\t<\/div>\n\t\t\t\t<\/div>\n\t\t\t\t<div class=\"elementor-element elementor-element-142a9f1 elementor-widget elementor-widget-image\" data-id=\"142a9f1\" data-element_type=\"widget\" data-widget_type=\"image.default\">\n\t\t\t\t<div class=\"elementor-widget-container\">\n\t\t\t\t\t\t\t\t\t\t\t\t\t\t\t<img decoding=\"async\" width=\"800\" height=\"426\" src=\"https:\/\/worldjusticeproject.mx\/wp-content\/uploads\/2022\/10\/Que-hacemos-WJP-03-970x517.png\" class=\"attachment-large size-large wp-image-3357\" alt=\"\" srcset=\"https:\/\/worldjusticeproject.mx\/wp-content\/uploads\/2022\/10\/Que-hacemos-WJP-03-970x517.png 970w, https:\/\/worldjusticeproject.mx\/wp-content\/uploads\/2022\/10\/Que-hacemos-WJP-03-470x251.png 470w, https:\/\/worldjusticeproject.mx\/wp-content\/uploads\/2022\/10\/Que-hacemos-WJP-03-170x91.png 170w, https:\/\/worldjusticeproject.mx\/wp-content\/uploads\/2022\/10\/Que-hacemos-WJP-03-768x410.png 768w, https:\/\/worldjusticeproject.mx\/wp-content\/uploads\/2022\/10\/Que-hacemos-WJP-03-1536x819.png 1536w, https:\/\/worldjusticeproject.mx\/wp-content\/uploads\/2022\/10\/Que-hacemos-WJP-03.png 1976w\" sizes=\"(max-width: 800px) 100vw, 800px\" \/>\t\t\t\t\t\t\t\t\t\t\t\t\t\t\t<\/div>\n\t\t\t\t<\/div>\n\t\t\t\t\t<\/div>\n\t\t<\/div>\n\t\t\t\t<div class=\"elementor-column elementor-col-66 elementor-top-column elementor-element elementor-element-f23357a\" data-id=\"f23357a\" data-element_type=\"column\">\n\t\t\t<div class=\"elementor-widget-wrap elementor-element-populated\">\n\t\t\t\t\t\t<div class=\"elementor-element elementor-element-b39269e elementor-widget elementor-widget-text-editor\" data-id=\"b39269e\" data-element_type=\"widget\" data-widget_type=\"text-editor.default\">\n\t\t\t\t<div class=\"elementor-widget-container\">\n\t\t\t\t\t\t\t\t\t<p><span style=\"color: var( --e-global-color-text ); font-family: var( --e-global-typography-text-font-family ), Sans-serif; font-size: 1rem;\">Un Estado de Derecho eficaz es la base para garantizar la paz, justicia e igualdad de oportunidades para las y los ciudadanos; reducir la corrupci\u00f3n, mitigar la pobreza, promover la salud y conformar la base para el desarrollo econ\u00f3mico sostenible. Contribuye a una gobernanza responsable y el respeto de los derechos civiles.<\/span><\/p><p>El \u00cdndice de Estado de Derecho en M\u00e9xico (IEDMX) utiliza informaci\u00f3n de primera mano para capturar las voces de miles de personas en zonas urbanas y rurales en los 32 estados del pa\u00eds. Publicamos el primer \u00cdndice en octubre 2018, dise\u00f1ando cuestionarios, muestras y consultas con especialistas, por lo menos 2 a\u00f1os antes de su publicaci\u00f3n.<\/p><p><span lang=\"es-MX\" data-contrast=\"auto\">El IEDMX sirve para identificar las fortalezas y debilidades de cada estado, as\u00ed como para fomentar el dise\u00f1o e implementaci\u00f3n de pol\u00edticas p\u00fablicas que fortalezcan el Estado de Derecho en M\u00e9xico.<\/span>\u00a0Actualmente, 28 estados lo\u00a0<span lang=\"es-MX\" data-contrast=\"auto\">incluyen en sus\u00a0<\/span><span lang=\"es-MX\" data-contrast=\"auto\">Planes Estatales de Desarrollo, Programas de Gobierno, y otros instrumentos de planeaci\u00f3n.<\/span><\/p>\t\t\t\t\t\t\t\t<\/div>\n\t\t\t\t<\/div>\n\t\t\t\t<div class=\"elementor-element elementor-element-f458fda elementor-widget elementor-widget-image\" data-id=\"f458fda\" data-element_type=\"widget\" data-widget_type=\"image.default\">\n\t\t\t\t<div class=\"elementor-widget-container\">\n\t\t\t\t\t\t\t\t\t\t\t\t\t\t\t<img decoding=\"async\" width=\"800\" height=\"1018\" src=\"https:\/\/worldjusticeproject.mx\/wp-content\/uploads\/2024\/06\/PHOTO-2024-06-11-06-21-49.jpeg\" class=\"attachment-large size-large wp-image-5029\" alt=\"\" srcset=\"https:\/\/worldjusticeproject.mx\/wp-content\/uploads\/2024\/06\/PHOTO-2024-06-11-06-21-49.jpeg 960w, https:\/\/worldjusticeproject.mx\/wp-content\/uploads\/2024\/06\/PHOTO-2024-06-11-06-21-49-470x598.jpeg 470w, https:\/\/worldjusticeproject.mx\/wp-content\/uploads\/2024\/06\/PHOTO-2024-06-11-06-21-49-170x216.jpeg 170w, https:\/\/worldjusticeproject.mx\/wp-content\/uploads\/2024\/06\/PHOTO-2024-06-11-06-21-49-768x978.jpeg 768w\" sizes=\"(max-width: 800px) 100vw, 800px\" \/>\t\t\t\t\t\t\t\t\t\t\t\t\t\t\t<\/div>\n\t\t\t\t<\/div>\n\t\t\t\t<div class=\"elementor-element elementor-element-e5a25b2 elementor-blockquote--skin-boxed elementor-blockquote--align-right elementor-blockquote--button-color-official elementor-widget elementor-widget-blockquote\" data-id=\"e5a25b2\" data-element_type=\"widget\" data-widget_type=\"blockquote.default\">\n\t\t\t\t<div class=\"elementor-widget-container\">\n\t\t\t\t\t\t\t<blockquote class=\"elementor-blockquote\">\n\t\t\t<p class=\"elementor-blockquote__content\">\n\t\t\t\tEl \u00cdndice de Estado de Derecho en M\u00e9xico me parece un estudio muy serio, que proporciona elementos para que los gobiernos estatales tomen decisiones, tambi\u00e9n cualitativas, de perfeccionar sus instrumentos.\t\t\t<\/p>\n\t\t\t\t\t\t\t<div class=\"e-q-footer\">\n\t\t\t\t\t\t\t\t\t\t\t<cite class=\"elementor-blockquote__author\">Beatriz Paredes, Senadora del Grupo Parlamentario del Partido Revolucionario Institucional<\/cite>\n\t\t\t\t\t\t\t\t\t\t\t\t\t\t<\/div>\n\t\t\t\t\t<\/blockquote>\n\t\t\t\t\t\t<\/div>\n\t\t\t\t<\/div>\n\t\t\t\t\t<\/div>\n\t\t<\/div>\n\t\t\t\t\t<\/div>\n\t\t<\/section>\n\t\t\t\t<section class=\"elementor-section elementor-top-section elementor-element elementor-element-6c30e03 elementor-section-boxed elementor-section-height-default elementor-section-height-default\" data-id=\"6c30e03\" data-element_type=\"section\">\n\t\t\t\t\t\t<div class=\"elementor-container elementor-column-gap-default\">\n\t\t\t\t\t<div class=\"elementor-column elementor-col-33 elementor-top-column elementor-element elementor-element-735a5d2\" data-id=\"735a5d2\" data-element_type=\"column\">\n\t\t\t<div class=\"elementor-widget-wrap elementor-element-populated\">\n\t\t\t\t\t\t<div class=\"elementor-element elementor-element-3d6d258 elementor-widget elementor-widget-heading\" data-id=\"3d6d258\" data-element_type=\"widget\" data-widget_type=\"heading.default\">\n\t\t\t\t<div class=\"elementor-widget-container\">\n\t\t\t\t\t<h2 class=\"elementor-heading-title elementor-size-default\">Justicia Penal<\/h2>\t\t\t\t<\/div>\n\t\t\t\t<\/div>\n\t\t\t\t<div class=\"elementor-element elementor-element-78ca21c elementor-widget elementor-widget-image\" data-id=\"78ca21c\" data-element_type=\"widget\" data-widget_type=\"image.default\">\n\t\t\t\t<div class=\"elementor-widget-container\">\n\t\t\t\t\t\t\t\t\t\t\t\t\t\t\t<img loading=\"lazy\" decoding=\"async\" width=\"800\" height=\"426\" src=\"https:\/\/worldjusticeproject.mx\/wp-content\/uploads\/2022\/10\/Que-hacemos-WJP-06-970x517.png\" class=\"attachment-large size-large wp-image-3360\" alt=\"\" srcset=\"https:\/\/worldjusticeproject.mx\/wp-content\/uploads\/2022\/10\/Que-hacemos-WJP-06-970x517.png 970w, https:\/\/worldjusticeproject.mx\/wp-content\/uploads\/2022\/10\/Que-hacemos-WJP-06-470x251.png 470w, https:\/\/worldjusticeproject.mx\/wp-content\/uploads\/2022\/10\/Que-hacemos-WJP-06-170x91.png 170w, https:\/\/worldjusticeproject.mx\/wp-content\/uploads\/2022\/10\/Que-hacemos-WJP-06-768x410.png 768w, https:\/\/worldjusticeproject.mx\/wp-content\/uploads\/2022\/10\/Que-hacemos-WJP-06-1536x819.png 1536w, https:\/\/worldjusticeproject.mx\/wp-content\/uploads\/2022\/10\/Que-hacemos-WJP-06.png 1976w\" sizes=\"(max-width: 800px) 100vw, 800px\" \/>\t\t\t\t\t\t\t\t\t\t\t\t\t\t\t<\/div>\n\t\t\t\t<\/div>\n\t\t\t\t\t<\/div>\n\t\t<\/div>\n\t\t\t\t<div class=\"elementor-column elementor-col-66 elementor-top-column elementor-element elementor-element-5f77638\" data-id=\"5f77638\" data-element_type=\"column\">\n\t\t\t<div class=\"elementor-widget-wrap elementor-element-populated\">\n\t\t\t\t\t\t<div class=\"elementor-element elementor-element-45091d0 elementor-widget elementor-widget-text-editor\" data-id=\"45091d0\" data-element_type=\"widget\" data-widget_type=\"text-editor.default\">\n\t\t\t\t<div class=\"elementor-widget-container\">\n\t\t\t\t\t\t\t\t\t<p>En 2008 el Congreso Federal promulg\u00f3 una reforma constitucional que cambi\u00f3 la forma en la que se imparte justicia penal en M\u00e9xico. Una vez concretada, surgieron diversos an\u00e1lisis desde la \u00f3ptica conceptual. Sin embargo, eran pocos los estudios basados en evidencia cuantitativa. WJP ha contribuido a la mayor comprensi\u00f3n \u2015mediante estad\u00edstica descriptiva\u2015 de algunos de los efectos de la reforma del Sistema de Justicia Penal, desde la experiencia de las personas privadas de la libertad. Asimismo, WJP ha realizado investigaciones para definir y desmitificar la llamada puerta giratoria. El prop\u00f3sito es ofrecer informaci\u00f3n neutral para operadores del sistema de justicia, hacedores de pol\u00edtica p\u00fablica, legisladores, interesados en el tema y p\u00fablico general.<\/p>\t\t\t\t\t\t\t\t<\/div>\n\t\t\t\t<\/div>\n\t\t\t\t\t<\/div>\n\t\t<\/div>\n\t\t\t\t\t<\/div>\n\t\t<\/section>\n\t\t\t\t<section class=\"elementor-section elementor-top-section elementor-element elementor-element-c5d3cf4 elementor-section-boxed elementor-section-height-default elementor-section-height-default\" data-id=\"c5d3cf4\" data-element_type=\"section\">\n\t\t\t\t\t\t<div class=\"elementor-container elementor-column-gap-default\">\n\t\t\t\t\t<div class=\"elementor-column elementor-col-33 elementor-top-column elementor-element elementor-element-0271865\" data-id=\"0271865\" data-element_type=\"column\">\n\t\t\t<div class=\"elementor-widget-wrap elementor-element-populated\">\n\t\t\t\t\t\t<div class=\"elementor-element elementor-element-ea179bb elementor-widget elementor-widget-heading\" data-id=\"ea179bb\" data-element_type=\"widget\" data-widget_type=\"heading.default\">\n\t\t\t\t<div class=\"elementor-widget-container\">\n\t\t\t\t\t<h2 class=\"elementor-heading-title elementor-size-default\">Justicia Abierta<\/h2>\t\t\t\t<\/div>\n\t\t\t\t<\/div>\n\t\t\t\t<div class=\"elementor-element elementor-element-fe998e9 elementor-widget elementor-widget-image\" data-id=\"fe998e9\" data-element_type=\"widget\" data-widget_type=\"image.default\">\n\t\t\t\t<div class=\"elementor-widget-container\">\n\t\t\t\t\t\t\t\t\t\t\t\t\t\t\t<img loading=\"lazy\" decoding=\"async\" width=\"800\" height=\"428\" src=\"https:\/\/worldjusticeproject.mx\/wp-content\/uploads\/2023\/10\/Miniatura-web-OCT23-970x519.png\" class=\"attachment-large size-large wp-image-4006\" alt=\"\" srcset=\"https:\/\/worldjusticeproject.mx\/wp-content\/uploads\/2023\/10\/Miniatura-web-OCT23-970x519.png 970w, https:\/\/worldjusticeproject.mx\/wp-content\/uploads\/2023\/10\/Miniatura-web-OCT23-470x252.png 470w, https:\/\/worldjusticeproject.mx\/wp-content\/uploads\/2023\/10\/Miniatura-web-OCT23-170x91.png 170w, https:\/\/worldjusticeproject.mx\/wp-content\/uploads\/2023\/10\/Miniatura-web-OCT23-768x411.png 768w, https:\/\/worldjusticeproject.mx\/wp-content\/uploads\/2023\/10\/Miniatura-web-OCT23-1536x822.png 1536w, https:\/\/worldjusticeproject.mx\/wp-content\/uploads\/2023\/10\/Miniatura-web-OCT23-2048x1096.png 2048w\" sizes=\"(max-width: 800px) 100vw, 800px\" \/>\t\t\t\t\t\t\t\t\t\t\t\t\t\t\t<\/div>\n\t\t\t\t<\/div>\n\t\t\t\t\t<\/div>\n\t\t<\/div>\n\t\t\t\t<div class=\"elementor-column elementor-col-66 elementor-top-column elementor-element elementor-element-c29dcee\" data-id=\"c29dcee\" data-element_type=\"column\">\n\t\t\t<div class=\"elementor-widget-wrap elementor-element-populated\">\n\t\t\t\t\t\t<div class=\"elementor-element elementor-element-c870075 elementor-widget elementor-widget-text-editor\" data-id=\"c870075\" data-element_type=\"widget\" data-widget_type=\"text-editor.default\">\n\t\t\t\t<div class=\"elementor-widget-container\">\n\t\t\t\t\t\t\t\t\t<p>La justicia abierta contribuye a la construcci\u00f3n del Estado democr\u00e1tico de derecho y al respeto de los derechos humanos, al tener como objetivo principal que las instituciones del ecosistema de justicia sean m\u00e1s abiertas y accesibles para todas las personas. La justicia abierta se construye sobre los principios o dimensiones de transparencia, participaci\u00f3n, colaboraci\u00f3n y rendici\u00f3n de cuentas.<\/p><p>Por lo tanto, una justicia abierta abarca la garant\u00eda eficaz del derecho de las personas a estar informadas de manera continua y suficiente de todo acto de autoridad en materia de justicia; del derecho a expresar \u2013en condiciones de igualdad y no discriminaci\u00f3n\u2013 sus perspectivas de la vida p\u00fablica y de compartirlas con las instituciones de justicia; a interactuar y cocrear soluciones \u2013de la mano de las instituciones p\u00fablicas\u2013 para incidir directamente en los problemas de justicia y en las soluciones p\u00fablicas para abordarlos, as\u00ed como a contar con mecanismos y procesos para detectar y denunciar arbitrariedades, y para monitorear la investigaci\u00f3n y sanci\u00f3n de posibles actos de corrupci\u00f3n en las instituciones p\u00fablicas de justicia.<\/p>\t\t\t\t\t\t\t\t<\/div>\n\t\t\t\t<\/div>\n\t\t\t\t\t<\/div>\n\t\t<\/div>\n\t\t\t\t\t<\/div>\n\t\t<\/section>\n\t\t\t\t<section class=\"elementor-section elementor-top-section elementor-element elementor-element-f98b3fa elementor-section-boxed elementor-section-height-default elementor-section-height-default\" data-id=\"f98b3fa\" data-element_type=\"section\">\n\t\t\t\t\t\t<div class=\"elementor-container elementor-column-gap-default\">\n\t\t\t\t\t<div class=\"elementor-column elementor-col-33 elementor-top-column elementor-element elementor-element-da2059f\" data-id=\"da2059f\" data-element_type=\"column\">\n\t\t\t<div class=\"elementor-widget-wrap elementor-element-populated\">\n\t\t\t\t\t\t<div class=\"elementor-element elementor-element-045f284 elementor-widget elementor-widget-heading\" data-id=\"045f284\" data-element_type=\"widget\" data-widget_type=\"heading.default\">\n\t\t\t\t<div class=\"elementor-widget-container\">\n\t\t\t\t\t<h2 class=\"elementor-heading-title elementor-size-default\">Justicia Alternativa<\/h2>\t\t\t\t<\/div>\n\t\t\t\t<\/div>\n\t\t\t\t<div class=\"elementor-element elementor-element-d693181 elementor-widget elementor-widget-image\" data-id=\"d693181\" data-element_type=\"widget\" data-widget_type=\"image.default\">\n\t\t\t\t<div class=\"elementor-widget-container\">\n\t\t\t\t\t\t\t\t\t\t\t\t\t\t\t<img loading=\"lazy\" decoding=\"async\" width=\"800\" height=\"427\" src=\"https:\/\/worldjusticeproject.mx\/wp-content\/uploads\/2022\/10\/Que-hacemos-WJP-04-970x518.png\" class=\"attachment-large size-large wp-image-3358\" alt=\"\" srcset=\"https:\/\/worldjusticeproject.mx\/wp-content\/uploads\/2022\/10\/Que-hacemos-WJP-04-970x518.png 970w, https:\/\/worldjusticeproject.mx\/wp-content\/uploads\/2022\/10\/Que-hacemos-WJP-04-470x251.png 470w, https:\/\/worldjusticeproject.mx\/wp-content\/uploads\/2022\/10\/Que-hacemos-WJP-04-170x91.png 170w, https:\/\/worldjusticeproject.mx\/wp-content\/uploads\/2022\/10\/Que-hacemos-WJP-04-768x410.png 768w, https:\/\/worldjusticeproject.mx\/wp-content\/uploads\/2022\/10\/Que-hacemos-WJP-04-1536x820.png 1536w, https:\/\/worldjusticeproject.mx\/wp-content\/uploads\/2022\/10\/Que-hacemos-WJP-04.png 1975w\" sizes=\"(max-width: 800px) 100vw, 800px\" \/>\t\t\t\t\t\t\t\t\t\t\t\t\t\t\t<\/div>\n\t\t\t\t<\/div>\n\t\t\t\t\t<\/div>\n\t\t<\/div>\n\t\t\t\t<div class=\"elementor-column elementor-col-66 elementor-top-column elementor-element elementor-element-d1d9a00\" data-id=\"d1d9a00\" data-element_type=\"column\">\n\t\t\t<div class=\"elementor-widget-wrap elementor-element-populated\">\n\t\t\t\t\t\t<div class=\"elementor-element elementor-element-d017d1a elementor-widget elementor-widget-text-editor\" data-id=\"d017d1a\" data-element_type=\"widget\" data-widget_type=\"text-editor.default\">\n\t\t\t\t<div class=\"elementor-widget-container\">\n\t\t\t\t\t\t\t\t\t<p>El punto de partida de nuestro trabajo fue entender el bajo uso de la justicia alternativa en materia penal, frente a los beneficios que genera a las personas usuarias del sistema de justicia y a las propias instituciones. Esta inquietud de investigaci\u00f3n inicial ha permitido generar informaci\u00f3n emp\u00edrica entorno a: el nivel de sub-uso de la justicia alternativa en materia penal por entidad federativa y delito; las etapas m\u00e1s relevantes del procesamiento de casos; la evaluaci\u00f3n actual y la id\u00f3nea de la justicia alternativa, as\u00ed como una serie de hip\u00f3tesis que explican la resistencia a utilizar esta v\u00eda, desde la mirada de personas usuarias como de operadoras del sistema de justicia.<\/p><p>WJP ha profundizado su trabajo para indagar acerca de tem\u00e1ticas espec\u00edficas como el desarrollo de modelos de mediaci\u00f3n en y con comunidades ind\u00edgenas y las ventajas de la justicia alternativa bajo la perspectiva de g\u00e9nero.<\/p>\t\t\t\t\t\t\t\t<\/div>\n\t\t\t\t<\/div>\n\t\t\t\t\t<\/div>\n\t\t<\/div>\n\t\t\t\t\t<\/div>\n\t\t<\/section>\n\t\t\t\t<section class=\"elementor-section elementor-top-section elementor-element elementor-element-4b37b74 elementor-section-boxed elementor-section-height-default elementor-section-height-default\" data-id=\"4b37b74\" data-element_type=\"section\">\n\t\t\t\t\t\t<div class=\"elementor-container elementor-column-gap-default\">\n\t\t\t\t\t<div class=\"elementor-column elementor-col-33 elementor-top-column elementor-element elementor-element-993d99e\" data-id=\"993d99e\" data-element_type=\"column\">\n\t\t\t<div class=\"elementor-widget-wrap elementor-element-populated\">\n\t\t\t\t\t\t<div class=\"elementor-element elementor-element-636ae4c elementor-widget elementor-widget-heading\" data-id=\"636ae4c\" data-element_type=\"widget\" data-widget_type=\"heading.default\">\n\t\t\t\t<div class=\"elementor-widget-container\">\n\t\t\t\t\t<h2 class=\"elementor-heading-title elementor-size-default\">Polic\u00eda<\/h2>\t\t\t\t<\/div>\n\t\t\t\t<\/div>\n\t\t\t\t<div class=\"elementor-element elementor-element-6dc8f7b elementor-widget elementor-widget-image\" data-id=\"6dc8f7b\" data-element_type=\"widget\" data-widget_type=\"image.default\">\n\t\t\t\t<div class=\"elementor-widget-container\">\n\t\t\t\t\t\t\t\t\t\t\t\t\t\t\t<img loading=\"lazy\" decoding=\"async\" width=\"800\" height=\"427\" src=\"https:\/\/worldjusticeproject.mx\/wp-content\/uploads\/2022\/10\/Que-hacemos-WJP-05-970x518.png\" class=\"attachment-large size-large wp-image-3359\" alt=\"\" srcset=\"https:\/\/worldjusticeproject.mx\/wp-content\/uploads\/2022\/10\/Que-hacemos-WJP-05-970x518.png 970w, https:\/\/worldjusticeproject.mx\/wp-content\/uploads\/2022\/10\/Que-hacemos-WJP-05-470x251.png 470w, https:\/\/worldjusticeproject.mx\/wp-content\/uploads\/2022\/10\/Que-hacemos-WJP-05-170x91.png 170w, https:\/\/worldjusticeproject.mx\/wp-content\/uploads\/2022\/10\/Que-hacemos-WJP-05-768x410.png 768w, https:\/\/worldjusticeproject.mx\/wp-content\/uploads\/2022\/10\/Que-hacemos-WJP-05-1536x820.png 1536w, https:\/\/worldjusticeproject.mx\/wp-content\/uploads\/2022\/10\/Que-hacemos-WJP-05.png 1975w\" sizes=\"(max-width: 800px) 100vw, 800px\" \/>\t\t\t\t\t\t\t\t\t\t\t\t\t\t\t<\/div>\n\t\t\t\t<\/div>\n\t\t\t\t\t<\/div>\n\t\t<\/div>\n\t\t\t\t<div class=\"elementor-column elementor-col-66 elementor-top-column elementor-element elementor-element-92e7ea4\" data-id=\"92e7ea4\" data-element_type=\"column\">\n\t\t\t<div class=\"elementor-widget-wrap elementor-element-populated\">\n\t\t\t\t\t\t<div class=\"elementor-element elementor-element-66eaa67 elementor-widget elementor-widget-text-editor\" data-id=\"66eaa67\" data-element_type=\"widget\" data-widget_type=\"text-editor.default\">\n\t\t\t\t<div class=\"elementor-widget-container\">\n\t\t\t\t\t\t\t\t\t<p>Las reformas a la Constituci\u00f3n en materia de justicia penal otorgaron a la polic\u00eda un nuevo papel en la funci\u00f3n de la seguridad p\u00fablica. Pas\u00f3 de ser un auxiliar del Ministerio P\u00fablico en la investigaci\u00f3n de los delitos, a un actor con facultades para realizar esta tarea en coordinaci\u00f3n con fiscal\u00edas y procuradur\u00edas de justicia. Tambi\u00e9n, se les facult\u00f3 para, entre otras cosas, recibir denuncias, preservar el lugar de los hechos posiblemente constitutivos de un delito, entrevistar a testigos y atender a v\u00edctimas. Estas nuevas facultades demandan una diversidad de capacidades, condiciones e insumos materiales para desempe\u00f1arse con efectividad y eficiencia.<\/p><p>Desde WJP, nos hemos dado la tarea de investigar iniciativas locales en la mejora de la funci\u00f3n policial, desde polic\u00edas de proximidad a polic\u00edas que investigan, para que compartir los logros y retos de tal implementaci\u00f3n con otras entidades que est\u00e9n interesadas en aprovechar las ventajas de las polic\u00edas locales.<\/p>\t\t\t\t\t\t\t\t<\/div>\n\t\t\t\t<\/div>\n\t\t\t\t\t<\/div>\n\t\t<\/div>\n\t\t\t\t\t<\/div>\n\t\t<\/section>\n\t\t\t\t<section class=\"elementor-section elementor-top-section elementor-element elementor-element-fe92f0b elementor-section-boxed elementor-section-height-default elementor-section-height-default\" data-id=\"fe92f0b\" data-element_type=\"section\">\n\t\t\t\t\t\t<div class=\"elementor-container elementor-column-gap-default\">\n\t\t\t\t\t<div class=\"elementor-column elementor-col-33 elementor-top-column elementor-element elementor-element-7270318\" data-id=\"7270318\" data-element_type=\"column\">\n\t\t\t<div class=\"elementor-widget-wrap\">\n\t\t\t\t\t\t\t<\/div>\n\t\t<\/div>\n\t\t\t\t<div class=\"elementor-column elementor-col-66 elementor-top-column elementor-element elementor-element-5a04e50\" data-id=\"5a04e50\" data-element_type=\"column\">\n\t\t\t<div class=\"elementor-widget-wrap elementor-element-populated\">\n\t\t\t\t\t\t<div class=\"elementor-element elementor-element-ac42e43 elementor-blockquote--skin-boxed elementor-blockquote--align-right elementor-blockquote--button-color-official elementor-widget elementor-widget-blockquote\" data-id=\"ac42e43\" data-element_type=\"widget\" data-widget_type=\"blockquote.default\">\n\t\t\t\t<div class=\"elementor-widget-container\">\n\t\t\t\t\t\t\t<blockquote class=\"elementor-blockquote\">\n\t\t\t<p class=\"elementor-blockquote__content\">\n\t\t\t\tWorld Justice Project nos da much\u00edsima certeza, mucha garant\u00eda para lo que tenemos que hacer. Y es, digamos, esa luz que nos puede ir iluminando el camino que todos queremos.\t\t\t<\/p>\n\t\t\t\t\t\t\t<div class=\"e-q-footer\">\n\t\t\t\t\t\t\t\t\t\t\t<cite class=\"elementor-blockquote__author\">Mauricio Kuri, Gobernador del Estado de Quer\u00e9taro.<\/cite>\n\t\t\t\t\t\t\t\t\t\t\t\t\t\t<\/div>\n\t\t\t\t\t<\/blockquote>\n\t\t\t\t\t\t<\/div>\n\t\t\t\t<\/div>\n\t\t\t\t\t<\/div>\n\t\t<\/div>\n\t\t\t\t\t<\/div>\n\t\t<\/section>\n\t\t\t\t<section class=\"elementor-section elementor-top-section elementor-element elementor-element-b29ecba elementor-section-boxed elementor-section-height-default elementor-section-height-default\" data-id=\"b29ecba\" data-element_type=\"section\">\n\t\t\t\t\t\t<div class=\"elementor-container elementor-column-gap-default\">\n\t\t\t\t\t<div class=\"elementor-column elementor-col-100 elementor-top-column elementor-element elementor-element-c5d6840\" data-id=\"c5d6840\" data-element_type=\"column\">\n\t\t\t<div class=\"elementor-widget-wrap elementor-element-populated\">\n\t\t\t\t\t\t<div class=\"elementor-element elementor-element-b2ada3a elementor-widget elementor-widget-spacer\" data-id=\"b2ada3a\" data-element_type=\"widget\" data-widget_type=\"spacer.default\">\n\t\t\t\t<div class=\"elementor-widget-container\">\n\t\t\t\t\t\t\t<div class=\"elementor-spacer\">\n\t\t\t<div class=\"elementor-spacer-inner\"><\/div>\n\t\t<\/div>\n\t\t\t\t\t\t<\/div>\n\t\t\t\t<\/div>\n\t\t\t\t<div class=\"elementor-element elementor-element-2356fd3 elementor-widget elementor-widget-heading\" data-id=\"2356fd3\" data-element_type=\"widget\" data-widget_type=\"heading.default\">\n\t\t\t\t<div class=\"elementor-widget-container\">\n\t\t\t\t\t<h2 class=\"elementor-heading-title elementor-size-default\">Sobre la organizaci\u00f3n<\/h2>\t\t\t\t<\/div>\n\t\t\t\t<\/div>\n\t\t\t\t<div class=\"elementor-element elementor-element-06185d1 elementor-widget elementor-widget-text-editor\" data-id=\"06185d1\" data-element_type=\"widget\" data-widget_type=\"text-editor.default\">\n\t\t\t\t<div class=\"elementor-widget-container\">\n\t\t\t\t\t\t\t\t\t<p><span style=\"color: var( --e-global-color-text ); font-family: var( --e-global-typography-text-font-family ), Sans-serif; font-size: 1rem;\">El <span style=\"color: #0000ff;\"><a style=\"color: #0000ff;\" href=\"http:\/\/worldjusticeproject.org\">WJP<\/a><\/span> es una organizaci\u00f3n independiente, internacional, sin fines de lucro y multidisciplinaria que trabaja para avanzar el Estado de Derecho en el mundo. Busca apoyar soluciones locales a trav\u00e9s de un enfoque que incluye investigaci\u00f3n, recolecci\u00f3n y an\u00e1lisis de datos, y el establecimiento de una red activa y global de conocimiento. Desde 2008 WJP publica el \u00cdndice de Estado de Derecho a nivel global, que mide el grado de adhesi\u00f3n al Estado de Derecho en 142 pa\u00edses. M\u00e9xico se incorpor\u00f3 a la medici\u00f3n global en 2009.<\/span><\/p>\t\t\t\t\t\t\t\t<\/div>\n\t\t\t\t<\/div>\n\t\t\t\t\t<\/div>\n\t\t<\/div>\n\t\t\t\t\t<\/div>\n\t\t<\/section>\n\t\t\t\t<\/div>","protected":false},"excerpt":{"rendered":"<p>Buscamos fortalecer el Estado de Derecho en M\u00e9xico a trav\u00e9s de la informaci\u00f3n, la conciencia p\u00fablica y la investigaci\u00f3n. Operando desde 2016, el trabajo de nuestra oficina en M\u00e9xico est\u00e1 fundamentado en datos. Nos guiamos por el principio de reforma basada en evidencia, en el que las recomendaciones concretas est\u00e9n respaldadas por una investigaci\u00f3n rigurosa. [&hellip;]<\/p>\n","protected":false},"author":3,"featured_media":0,"parent":0,"menu_order":0,"comment_status":"closed","ping_status":"closed","template":"","meta":{"footnotes":""},"class_list":["post-3137","page","type-page","status-publish","hentry"],"yoast_head":"<!-- This site is optimized with the Yoast SEO plugin v25.2 - https:\/\/yoast.com\/wordpress\/plugins\/seo\/ -->\n<title>\u00bfQu\u00e9 hacemos? - World Justice Project (M\u00e9xico)<\/title>\n<meta name=\"robots\" content=\"index, follow, max-snippet:-1, max-image-preview:large, max-video-preview:-1\" \/>\n<link rel=\"canonical\" href=\"https:\/\/worldjusticeproject.mx\/en\/que-hacemos\/\" \/>\n<meta property=\"og:locale\" content=\"en_US\" \/>\n<meta property=\"og:type\" content=\"article\" \/>\n<meta property=\"og:title\" content=\"\u00bfQu\u00e9 hacemos? - World Justice Project (M\u00e9xico)\" \/>\n<meta property=\"og:description\" content=\"Buscamos fortalecer el Estado de Derecho en M\u00e9xico a trav\u00e9s de la informaci\u00f3n, la conciencia p\u00fablica y la investigaci\u00f3n. Operando desde 2016, el trabajo de nuestra oficina en M\u00e9xico est\u00e1 fundamentado en datos. Nos guiamos por el principio de reforma basada en evidencia, en el que las recomendaciones concretas est\u00e9n respaldadas por una investigaci\u00f3n rigurosa. [&hellip;]\" \/>\n<meta property=\"og:url\" content=\"https:\/\/worldjusticeproject.mx\/en\/que-hacemos\/\" \/>\n<meta property=\"og:site_name\" content=\"World Justice Project (M\u00e9xico)\" \/>\n<meta property=\"article:modified_time\" content=\"2024-06-11T12:59:33+00:00\" \/>\n<meta property=\"og:image\" content=\"https:\/\/worldjusticeproject.mx\/wp-content\/uploads\/2022\/10\/que-hacemos-V1.jpg\" \/>\n<meta name=\"twitter:card\" content=\"summary_large_image\" \/>\n<meta name=\"twitter:label1\" content=\"Est. reading time\" \/>\n\t<meta name=\"twitter:data1\" content=\"7 minutes\" \/>\n<script type=\"application\/ld+json\" class=\"yoast-schema-graph\">{\"@context\":\"https:\/\/schema.org\",\"@graph\":[{\"@type\":\"WebPage\",\"@id\":\"https:\/\/worldjusticeproject.mx\/que-hacemos\/\",\"url\":\"https:\/\/worldjusticeproject.mx\/que-hacemos\/\",\"name\":\"\u00bfQu\u00e9 hacemos? - World Justice Project (M\u00e9xico)\",\"isPartOf\":{\"@id\":\"https:\/\/worldjusticeproject.mx\/#website\"},\"primaryImageOfPage\":{\"@id\":\"https:\/\/worldjusticeproject.mx\/que-hacemos\/#primaryimage\"},\"image\":{\"@id\":\"https:\/\/worldjusticeproject.mx\/que-hacemos\/#primaryimage\"},\"thumbnailUrl\":\"https:\/\/worldjusticeproject.mx\/wp-content\/uploads\/2022\/10\/que-hacemos-V1.jpg\",\"datePublished\":\"2022-10-10T17:32:27+00:00\",\"dateModified\":\"2024-06-11T12:59:33+00:00\",\"breadcrumb\":{\"@id\":\"https:\/\/worldjusticeproject.mx\/que-hacemos\/#breadcrumb\"},\"inLanguage\":\"en-US\",\"potentialAction\":[{\"@type\":\"ReadAction\",\"target\":[\"https:\/\/worldjusticeproject.mx\/que-hacemos\/\"]}]},{\"@type\":\"ImageObject\",\"inLanguage\":\"en-US\",\"@id\":\"https:\/\/worldjusticeproject.mx\/que-hacemos\/#primaryimage\",\"url\":\"https:\/\/worldjusticeproject.mx\/wp-content\/uploads\/2022\/10\/que-hacemos-V1.jpg\",\"contentUrl\":\"https:\/\/worldjusticeproject.mx\/wp-content\/uploads\/2022\/10\/que-hacemos-V1.jpg\"},{\"@type\":\"BreadcrumbList\",\"@id\":\"https:\/\/worldjusticeproject.mx\/que-hacemos\/#breadcrumb\",\"itemListElement\":[{\"@type\":\"ListItem\",\"position\":1,\"name\":\"Home\",\"item\":\"https:\/\/worldjusticeproject.mx\/\"},{\"@type\":\"ListItem\",\"position\":2,\"name\":\"\u00bfQu\u00e9 hacemos?\"}]},{\"@type\":\"WebSite\",\"@id\":\"https:\/\/worldjusticeproject.mx\/#website\",\"url\":\"https:\/\/worldjusticeproject.mx\/\",\"name\":\"World Justice Project (M\u00e9xico)\",\"description\":\"Sitio web de la oficina en M\u00e9xico de la organizaci\u00f3n basada en Washington DC, Estados Unidos\",\"potentialAction\":[{\"@type\":\"SearchAction\",\"target\":{\"@type\":\"EntryPoint\",\"urlTemplate\":\"https:\/\/worldjusticeproject.mx\/?s={search_term_string}\"},\"query-input\":{\"@type\":\"PropertyValueSpecification\",\"valueRequired\":true,\"valueName\":\"search_term_string\"}}],\"inLanguage\":\"en-US\"}]}<\/script>\n<!-- \/ Yoast SEO plugin. -->","yoast_head_json":{"title":"\u00bfQu\u00e9 hacemos? - World Justice Project (M\u00e9xico)","robots":{"index":"index","follow":"follow","max-snippet":"max-snippet:-1","max-image-preview":"max-image-preview:large","max-video-preview":"max-video-preview:-1"},"canonical":"https:\/\/worldjusticeproject.mx\/en\/que-hacemos\/","og_locale":"en_US","og_type":"article","og_title":"\u00bfQu\u00e9 hacemos? - World Justice Project (M\u00e9xico)","og_description":"Buscamos fortalecer el Estado de Derecho en M\u00e9xico a trav\u00e9s de la informaci\u00f3n, la conciencia p\u00fablica y la investigaci\u00f3n. Operando desde 2016, el trabajo de nuestra oficina en M\u00e9xico est\u00e1 fundamentado en datos. Nos guiamos por el principio de reforma basada en evidencia, en el que las recomendaciones concretas est\u00e9n respaldadas por una investigaci\u00f3n rigurosa. [&hellip;]","og_url":"https:\/\/worldjusticeproject.mx\/en\/que-hacemos\/","og_site_name":"World Justice Project (M\u00e9xico)","article_modified_time":"2024-06-11T12:59:33+00:00","og_image":[{"url":"https:\/\/worldjusticeproject.mx\/wp-content\/uploads\/2022\/10\/que-hacemos-V1.jpg","type":"","width":"","height":""}],"twitter_card":"summary_large_image","twitter_misc":{"Est. reading time":"7 minutes"},"schema":{"@context":"https:\/\/schema.org","@graph":[{"@type":"WebPage","@id":"https:\/\/worldjusticeproject.mx\/que-hacemos\/","url":"https:\/\/worldjusticeproject.mx\/que-hacemos\/","name":"\u00bfQu\u00e9 hacemos? - World Justice Project (M\u00e9xico)","isPartOf":{"@id":"https:\/\/worldjusticeproject.mx\/#website"},"primaryImageOfPage":{"@id":"https:\/\/worldjusticeproject.mx\/que-hacemos\/#primaryimage"},"image":{"@id":"https:\/\/worldjusticeproject.mx\/que-hacemos\/#primaryimage"},"thumbnailUrl":"https:\/\/worldjusticeproject.mx\/wp-content\/uploads\/2022\/10\/que-hacemos-V1.jpg","datePublished":"2022-10-10T17:32:27+00:00","dateModified":"2024-06-11T12:59:33+00:00","breadcrumb":{"@id":"https:\/\/worldjusticeproject.mx\/que-hacemos\/#breadcrumb"},"inLanguage":"en-US","potentialAction":[{"@type":"ReadAction","target":["https:\/\/worldjusticeproject.mx\/que-hacemos\/"]}]},{"@type":"ImageObject","inLanguage":"en-US","@id":"https:\/\/worldjusticeproject.mx\/que-hacemos\/#primaryimage","url":"https:\/\/worldjusticeproject.mx\/wp-content\/uploads\/2022\/10\/que-hacemos-V1.jpg","contentUrl":"https:\/\/worldjusticeproject.mx\/wp-content\/uploads\/2022\/10\/que-hacemos-V1.jpg"},{"@type":"BreadcrumbList","@id":"https:\/\/worldjusticeproject.mx\/que-hacemos\/#breadcrumb","itemListElement":[{"@type":"ListItem","position":1,"name":"Home","item":"https:\/\/worldjusticeproject.mx\/"},{"@type":"ListItem","position":2,"name":"\u00bfQu\u00e9 hacemos?"}]},{"@type":"WebSite","@id":"https:\/\/worldjusticeproject.mx\/#website","url":"https:\/\/worldjusticeproject.mx\/","name":"World Justice Project (M\u00e9xico)","description":"Sitio web de la oficina en M\u00e9xico de la organizaci\u00f3n basada en Washington DC, Estados Unidos","potentialAction":[{"@type":"SearchAction","target":{"@type":"EntryPoint","urlTemplate":"https:\/\/worldjusticeproject.mx\/?s={search_term_string}"},"query-input":{"@type":"PropertyValueSpecification","valueRequired":true,"valueName":"search_term_string"}}],"inLanguage":"en-US"}]}},"_links":{"self":[{"href":"https:\/\/worldjusticeproject.mx\/en\/wp-json\/wp\/v2\/pages\/3137","targetHints":{"allow":["GET"]}}],"collection":[{"href":"https:\/\/worldjusticeproject.mx\/en\/wp-json\/wp\/v2\/pages"}],"about":[{"href":"https:\/\/worldjusticeproject.mx\/en\/wp-json\/wp\/v2\/types\/page"}],"author":[{"embeddable":true,"href":"https:\/\/worldjusticeproject.mx\/en\/wp-json\/wp\/v2\/users\/3"}],"replies":[{"embeddable":true,"href":"https:\/\/worldjusticeproject.mx\/en\/wp-json\/wp\/v2\/comments?post=3137"}],"version-history":[{"count":5,"href":"https:\/\/worldjusticeproject.mx\/en\/wp-json\/wp\/v2\/pages\/3137\/revisions"}],"predecessor-version":[{"id":5032,"href":"https:\/\/worldjusticeproject.mx\/en\/wp-json\/wp\/v2\/pages\/3137\/revisions\/5032"}],"wp:attachment":[{"href":"https:\/\/worldjusticeproject.mx\/en\/wp-json\/wp\/v2\/media?parent=3137"}],"curies":[{"name":"wp","href":"https:\/\/api.w.org\/{rel}","templated":true}]}}